{"id":5156,"date":"2025-11-04T10:26:15","date_gmt":"2025-11-04T13:26:15","guid":{"rendered":"https:\/\/circonavegador.com.br\/?post_type=tribe_events&#038;p=5156"},"modified":"2025-11-25T09:39:45","modified_gmt":"2025-11-25T12:39:45","slug":"show-marilia-marra-e-bando","status":"publish","type":"tribe_events","link":"https:\/\/circonavegador.com.br\/?tribe_events=show-marilia-marra-e-bando","title":{"rendered":"Show: Mar\u00edlia Marra e Bando"},"content":{"rendered":"<div  class=\"tribe-events-schedule tribe-clearfix\" >\n\t<p class=\"tribe-events-schedule__datetime\">\n\t\t<span class=\"tribe-events-schedule__date tribe-events-schedule__date--start\">\n\t\t\tnovembro 29, 2025\t\t<\/span>\n\n\t\t\t\t\t<span class=\"tribe-events-schedule__separator tribe-events-schedule__separator--date\">\n\t\t\t\t @ \t\t\t<\/span>\n\t\t\t<span class=\"tribe-events-schedule__time tribe-events-schedule__time--start\">\n\t\t\t\t20:00\t\t\t<\/span>\n\t\t\n\t\t\t<\/p>\n<\/div>\n\n\n\n<p>Mar\u00edlia Marra e Bando apresentam o espet\u00e1culo<br>\u201cDEVIR\u201d, com m\u00fasica autoral e interven\u00e7\u00f5es de dan\u00e7a e acrobacia.<br>O show \u00e9 uma imers\u00e3o po\u00e9tica e musical nesta narrativa do vir-a-ser humano, em<br>forma de can\u00e7\u00e3o. Liderado pela compositora, cantora e violonista Mar\u00edlia Marra, o<br>grupo \u2014 formado por Iury Rosa (guitarra), Marcelo Samambaia (bateria) e Ariane<br>Spinelli (baixo e vocais) \u2014 cria arranjos coletivos que fundem m\u00fasica brasileira,<br>rock, entre outros estilos, valorizando a palavra, o groove e harmonias n\u00e3o<br>convencionais.<br><br>No palco, o bando revela uma performance intimista e potente, marcada pela troca<br>entre os m\u00fasicos e pela entrega emocional das interpreta\u00e7\u00f5es. O espet\u00e1culo marca<br>a estreia p\u00fablica do segundo \u00e1lbum da artista, \u201cDEVIR\u201d, e conta com interven\u00e7\u00f5es<br>de dan\u00e7a e acrobacia de Amanda Simonetti, Iai\u00e1 Fida, Harlen Mendes e Samy<br>Machado, que traduzem corporalmente a proposta.<br>\u201cDEVIR\u201d \u00e9 uma experi\u00eancia sobre a transforma\u00e7\u00e3o cont\u00ednua, o movimento entre o<br>micro e o macro, entre o pessoal e o coletivo, onde a can\u00e7\u00e3o se afirma como<br>ferramenta de express\u00e3o e transforma\u00e7\u00e3o.<br><br>Os ingressos promocionais podem ser adquiridos antecipadamente por R$20,00<br><br>pelo WhatsApp: <a href=\"http:\/\/wa.me\/551221018249?text=Eu%20gostaria%20de%20reservar%20ingressos%20para%20o%20Show%20Devir%20dia%2029\/11%20\u00e0s%2020%20horas\" target=\"_blank\" rel=\"noopener\" title=\"\">(12) 2101-8249.<\/a><\/p>\n\n\n\n<p><\/p>\n\n\n<div  class=\"tribe-block tribe-block__event-price\" >\n\t\t\t<span class=\"tribe-block__event-price__cost\"> $20,00 <\/span>\n\t\t<\/div>\n\n\n\n\n<div  class=\"tribe-block tribe-block__venue tribe-clearfix\" >\n\t\n\t\t\n\t<\/div>\n\n\n\n\n\t<div  class=\"tribe-block tribe-block__events-link\" >\n\t\t<div class=\"tribe-events tribe-common\">\n\t\t\t<div class=\"tribe-events-c-subscribe-dropdown__container\">\n\t\t\t\t<div class=\"tribe-events-c-subscribe-dropdown\">\n\t\t\t\t\t<div class=\"tribe-common-c-btn-border tribe-events-c-subscribe-dropdown__button\">\n\t\t\t\t\t\t<svg\n\t class=\"tribe-common-c-svgicon tribe-common-c-svgicon--cal-export tribe-events-c-subscribe-dropdown__export-icon\" \taria-hidden=\"true\"\n\tviewBox=\"0 0 23 17\"\n\txmlns=\"http:\/\/www.w3.org\/2000\/svg\"\n>\n\t<path fill-rule=\"evenodd\" clip-rule=\"evenodd\" d=\"M.128.896V16.13c0 .211.145.383.323.383h15.354c.179 0 .323-.172.323-.383V.896c0-.212-.144-.383-.323-.383H.451C.273.513.128.684.128.896Zm16 6.742h-.901V4.679H1.009v10.729h14.218v-3.336h.901V7.638ZM1.01 1.614h14.218v2.058H1.009V1.614Z\" \/>\n\t<path d=\"M20.5 9.846H8.312M18.524 6.953l2.89 2.909-2.855 2.855\" stroke-width=\"1.2\" stroke-linecap=\"round\" stroke-linejoin=\"round\"\/>\n<\/svg>\n\t\t\t\t\t\t<button\n\t\t\t\t\t\t\tclass=\"tribe-events-c-subscribe-dropdown__button-text\"\n\t\t\t\t\t\t\taria-expanded=\"false\"\n\t\t\t\t\t\t\taria-controls=\"tribe-events-subscribe-dropdown-content\"\n\t\t\t\t\t\t\taria-label=\"View links to add events to your calendar\"\n\t\t\t\t\t\t>\n\t\t\t\t\t\t\tAdicionar ao calend\u00e1rio\t\t\t\t\t\t<\/button>\n\t\t\t\t\t\t<svg\n\t class=\"tribe-common-c-svgicon tribe-common-c-svgicon--caret-down tribe-events-c-subscribe-dropdown__button-icon\" \taria-hidden=\"true\"\n\tviewBox=\"0 0 10 7\"\n\txmlns=\"http:\/\/www.w3.org\/2000\/svg\"\n>\n\t<path fill-rule=\"evenodd\" clip-rule=\"evenodd\" d=\"M1.008.609L5 4.6 8.992.61l.958.958L5 6.517.05 1.566l.958-.958z\" class=\"tribe-common-c-svgicon__svg-fill\"\/>\n<\/svg>\n\t\t\t\t\t<\/div>\n\t\t\t\t\t<div id=\"tribe-events-subscribe-dropdown-content\" class=\"tribe-events-c-subscribe-dropdown__content\">\n\t\t\t\t\t\t<ul class=\"tribe-events-c-subscribe-dropdown__list\">\n\t\t\t\t\t\t\t\t\t\t\t\t\t\t\t<li class=\"tribe-events-c-subscribe-dropdown__list-item tribe-events-c-subscribe-dropdown__list-item--gcal\">\n\t\t\t\t\t\t\t\t\t<a\n\t\t\t\t\t\t\t\t\t\thref=\"https:\/\/www.google.com\/calendar\/event?action=TEMPLATE&#038;dates=20251129T200000\/20251129T200000&#038;text=Show%3A%20Mar%C3%ADlia%20Marra%20e%20Bando&#038;details=%3Cp%3EMar%C3%ADlia+Marra+e+Bando+apresentam+o+espet%C3%A1culo%3Cbr+%2F%3E%E2%80%9CDEVIR%E2%80%9D%2C+com+m%C3%BAsica+autoral+e+interven%C3%A7%C3%B5es+de+dan%C3%A7a+e+acrobacia.%3Cbr+%2F%3EO+show+%C3%A9+uma+imers%C3%A3o+po%C3%A9tica+e+musical+nesta+narrativa+do+vir-a-ser+humano%2C+em%3Cbr+%2F%3Eforma+de+can%C3%A7%C3%A3o.+Liderado+pela+compositora%2C+cantora+e+violonista+Mar%C3%ADlia+Marra%2C+o%3Cbr+%2F%3Egrupo+%E2%80%94+formado+por+Iury+Rosa+%28guitarra%29%2C+Marcelo+Samambaia+%28bateria%29+e+Ariane%3Cbr+%2F%3ESpinelli+%28baixo+e+vocais%29+%E2%80%94+cria+arranjos+coletivos+que+fundem+m%C3%BAsica+brasileira%2C%3Cbr+%2F%3Erock%2C+entre+outros+estilos%2C+valorizando+a+palavra%2C+o+groove+e+harmonias+n%C3%A3o%3Cbr+%2F%3Econvencionais.%3Cbr+%2F%3E%3Cbr+%2F%3ENo+palco%2C+o+bando+revela+uma+performance+intimista+e+potente%2C+marcada+pela+troca%3Cbr+%2F%3Eentre+os+m%C3%BAsicos+e+pela+entrega+emocional+das+interpreta%C3%A7%C3%B5es.+O+espet%C3%A1culo+marca%3Cbr+%2F%3Ea+estreia+p%C3%BAblica+do+segundo+%C3%A1lbum+da+artista%2C+%E2%80%9CDEVIR%E2%80%9D%2C+e+conta+com+interven%C3%A7%C3%B5es%3Cbr+%2F%3Ede+dan%C3%A7a+e+acrobacia+de+Amanda+Simonetti%2C+Iai%C3%A1+Fida%2C+Harlen+Mendes+e+Samy%3Cbr+%2F%3EMachado%2C+que+traduzem+corporalmente+a+proposta.%3Cbr+%2F%3E%E2%80%9CDEVIR%E2%80%9D+%C3%A9+uma+exp%3C%2Fp%3E+%28Veja+a+descri%C3%A7%C3%A3o+completa+de+evento+aqui%3A+https%3A%2F%2Fcirconavegador.com.br%2F%3Ftribe_events%3Dshow-marilia-marra-e-bando%29&#038;trp=false&#038;ctz=America\/Sao_Paulo&#038;sprop=website:https:\/\/circonavegador.com.br\"\n\t\t\t\t\t\t\t\t\t\tclass=\"tribe-events-c-subscribe-dropdown__list-item-link\"\n\t\t\t\t\t\t\t\t\t\ttarget=\"_blank\"\n\t\t\t\t\t\t\t\t\t\trel=\"noopener noreferrer nofollow noindex\"\n\t\t\t\t\t\t\t\t\t>\n\t\t\t\t\t\t\t\t\t\tGoogle Agenda\t\t\t\t\t\t\t\t\t<\/a>\n\t\t\t\t\t\t\t\t<\/li>\n\t\t\t\t\t\t\t\t\t\t\t\t\t\t\t<li class=\"tribe-events-c-subscribe-dropdown__list-item tribe-events-c-subscribe-dropdown__list-item--ical\">\n\t\t\t\t\t\t\t\t\t<a\n\t\t\t\t\t\t\t\t\t\thref=\"\"\n\t\t\t\t\t\t\t\t\t\tclass=\"tribe-events-c-subscribe-dropdown__list-item-link\"\n\t\t\t\t\t\t\t\t\t\ttarget=\"_blank\"\n\t\t\t\t\t\t\t\t\t\trel=\"noopener noreferrer nofollow noindex\"\n\t\t\t\t\t\t\t\t\t>\n\t\t\t\t\t\t\t\t\t\tiCalendar\t\t\t\t\t\t\t\t\t<\/a>\n\t\t\t\t\t\t\t\t<\/li>\n\t\t\t\t\t\t\t\t\t\t\t\t\t\t\t<li class=\"tribe-events-c-subscribe-dropdown__list-item tribe-events-c-subscribe-dropdown__list-item--outlook-365\">\n\t\t\t\t\t\t\t\t\t<a\n\t\t\t\t\t\t\t\t\t\thref=\"\"\n\t\t\t\t\t\t\t\t\t\tclass=\"tribe-events-c-subscribe-dropdown__list-item-link\"\n\t\t\t\t\t\t\t\t\t\ttarget=\"_blank\"\n\t\t\t\t\t\t\t\t\t\trel=\"noopener noreferrer nofollow noindex\"\n\t\t\t\t\t\t\t\t\t>\n\t\t\t\t\t\t\t\t\t\tOutlook 365\t\t\t\t\t\t\t\t\t<\/a>\n\t\t\t\t\t\t\t\t<\/li>\n\t\t\t\t\t\t\t\t\t\t\t\t\t\t\t<li class=\"tribe-events-c-subscribe-dropdown__list-item tribe-events-c-subscribe-dropdown__list-item--outlook-live\">\n\t\t\t\t\t\t\t\t\t<a\n\t\t\t\t\t\t\t\t\t\thref=\"\"\n\t\t\t\t\t\t\t\t\t\tclass=\"tribe-events-c-subscribe-dropdown__list-item-link\"\n\t\t\t\t\t\t\t\t\t\ttarget=\"_blank\"\n\t\t\t\t\t\t\t\t\t\trel=\"noopener noreferrer nofollow noindex\"\n\t\t\t\t\t\t\t\t\t>\n\t\t\t\t\t\t\t\t\t\tOutlook Live\t\t\t\t\t\t\t\t\t<\/a>\n\t\t\t\t\t\t\t\t<\/li>\n\t\t\t\t\t\t\t\t\t\t\t\t\t<\/ul>\n\t\t\t\t\t<\/div>\n\t\t\t\t<\/div>\n\t\t\t<\/div>\n\t\t<\/div>\n\t<\/div>\n\n","protected":false},"excerpt":{"rendered":"<p>Mar\u00edlia Marra e Bando apresentam o espet\u00e1culo\u201cDEVIR\u201d, com m\u00fasica autoral e interven\u00e7\u00f5es de dan\u00e7a e acrobacia.O show \u00e9 uma imers\u00e3o po\u00e9tica e musical nesta narrativa do vir-a-ser humano, emforma de can\u00e7\u00e3o. Liderado pela compositora, cantora e violonista Mar\u00edlia Marra, ogrupo \u2014 formado por Iury Rosa (guitarra), Marcelo Samambaia (bateria) e ArianeSpinelli (baixo e vocais) \u2014 cria arranjos coletivos que fundem m\u00fasica brasileira,rock, entre outros estilos, valorizando a palavra, o groove e harmonias n\u00e3oconvencionais. No palco, o bando revela uma performance intimista e potente, marcada pela trocaentre os m\u00fasicos e pela entrega emocional das interpreta\u00e7\u00f5es. O espet\u00e1culo marcaa estreia p\u00fablica do segundo \u00e1lbum da artista, \u201cDEVIR\u201d, e conta com interven\u00e7\u00f5esde dan\u00e7a e acrobacia de Amanda Simonetti, Iai\u00e1 Fida, Harlen Mendes e SamyMachado, que traduzem corporalmente a proposta.\u201cDEVIR\u201d \u00e9 uma experi\u00eancia sobre a transforma\u00e7\u00e3o cont\u00ednua, o movimento entre omicro e o macro, entre o pessoal e o coletivo, onde a can\u00e7\u00e3o se afirma comoferramenta de express\u00e3o e transforma\u00e7\u00e3o. Os ingressos promocionais podem ser adquiridos antecipadamente por R$20,00 pelo WhatsApp: (12) 2101-8249.<\/p>\n","protected":false},"author":1,"featured_media":5157,"template":"","meta":{"_eb_attr":"","_EventAllDay":false,"_EventTimezone":"America\/Sao_Paulo","_EventStartDate":"2025-11-29 20:00:00","_EventEndDate":"2025-11-29 20:00:00","_EventStartDateUTC":"2025-11-29 23:00:00","_EventEndDateUTC":"2025-11-29 23:00:00","_EventShowMap":false,"_EventShowMapLink":false,"_EventURL":"","_EventCost":"20,00","_EventCostDescription":"","_EventCurrencySymbol":"$","_EventCurrencyCode":"Rea","_EventCurrencyPosition":"prefix","_EventDateTimeSeparator":" @ ","_EventTimeRangeSeparator":" - ","_EventOrganizerID":[],"_EventVenueID":[],"_OrganizerEmail":"","_OrganizerPhone":"","_OrganizerWebsite":"","_VenueAddress":"","_VenueCity":"","_VenueCountry":"","_VenueProvince":"","_VenueState":"","_VenueZip":"","_VenuePhone":"","_VenueURL":"","_VenueStateProvince":"","_VenueLat":"","_VenueLng":"","_VenueShowMap":false,"_VenueShowMapLink":false,"ocean_post_layout":"","ocean_both_sidebars_style":"","ocean_both_sidebars_content_width":0,"ocean_both_sidebars_sidebars_width":0,"ocean_sidebar":"","ocean_second_sidebar":"","ocean_disable_margins":"enable","ocean_add_body_class":"","ocean_shortcode_before_top_bar":"","ocean_shortcode_after_top_bar":"","ocean_shortcode_before_header":"","ocean_shortcode_after_header":"","ocean_has_shortcode":"","ocean_shortcode_after_title":"","ocean_shortcode_before_footer_widgets":"","ocean_shortcode_after_footer_widgets":"","ocean_shortcode_before_footer_bottom":"","ocean_shortcode_after_footer_bottom":"","ocean_display_top_bar":"default","ocean_display_header":"default","ocean_header_style":"","ocean_center_header_left_menu":"","ocean_custom_header_template":"","ocean_custom_logo":0,"ocean_custom_retina_logo":0,"ocean_custom_logo_max_width":0,"ocean_custom_logo_tablet_max_width":0,"ocean_custom_logo_mobile_max_width":0,"ocean_custom_logo_max_height":0,"ocean_custom_logo_tablet_max_height":0,"ocean_custom_logo_mobile_max_height":0,"ocean_header_custom_menu":"","ocean_menu_typo_font_family":"","ocean_menu_typo_font_subset":"","ocean_menu_typo_font_size":0,"ocean_menu_typo_font_size_tablet":0,"ocean_menu_typo_font_size_mobile":0,"ocean_menu_typo_font_size_unit":"px","ocean_menu_typo_font_weight":"","ocean_menu_typo_font_weight_tablet":"","ocean_menu_typo_font_weight_mobile":"","ocean_menu_typo_transform":"","ocean_menu_typo_transform_tablet":"","ocean_menu_typo_transform_mobile":"","ocean_menu_typo_line_height":0,"ocean_menu_typo_line_height_tablet":0,"ocean_menu_typo_line_height_mobile":0,"ocean_menu_typo_line_height_unit":"","ocean_menu_typo_spacing":0,"ocean_menu_typo_spacing_tablet":0,"ocean_menu_typo_spacing_mobile":0,"ocean_menu_typo_spacing_unit":"","ocean_menu_link_color":"","ocean_menu_link_color_hover":"","ocean_menu_link_color_active":"","ocean_menu_link_background":"","ocean_menu_link_hover_background":"","ocean_menu_link_active_background":"","ocean_menu_social_links_bg":"","ocean_menu_social_hover_links_bg":"","ocean_menu_social_links_color":"","ocean_menu_social_hover_links_color":"","ocean_disable_title":"default","ocean_disable_heading":"default","ocean_post_title":"","ocean_post_subheading":"","ocean_post_title_style":"","ocean_post_title_background_color":"","ocean_post_title_background":0,"ocean_post_title_bg_image_position":"","ocean_post_title_bg_image_attachment":"","ocean_post_title_bg_image_repeat":"","ocean_post_title_bg_image_size":"","ocean_post_title_height":0,"ocean_post_title_bg_overlay":0.5,"ocean_post_title_bg_overlay_color":"","ocean_disable_breadcrumbs":"default","ocean_breadcrumbs_color":"","ocean_breadcrumbs_separator_color":"","ocean_breadcrumbs_links_color":"","ocean_breadcrumbs_links_hover_color":"","ocean_display_footer_widgets":"default","ocean_display_footer_bottom":"default","ocean_custom_footer_template":"","_tribe_events_status":"","_tribe_events_status_reason":"","footnotes":""},"tags":[],"tribe_events_cat":[],"class_list":["post-5156","tribe_events","type-tribe_events","status-publish","has-post-thumbnail","hentry","entry","has-media"],"aioseo_notices":[],"_links":{"self":[{"href":"https:\/\/circonavegador.com.br\/index.php?rest_route=\/wp\/v2\/tribe_events\/5156","targetHints":{"allow":["GET"]}}],"collection":[{"href":"https:\/\/circonavegador.com.br\/index.php?rest_route=\/wp\/v2\/tribe_events"}],"about":[{"href":"https:\/\/circonavegador.com.br\/index.php?rest_route=\/wp\/v2\/types\/tribe_events"}],"author":[{"embeddable":true,"href":"https:\/\/circonavegador.com.br\/index.php?rest_route=\/wp\/v2\/users\/1"}],"version-history":[{"count":0,"href":"https:\/\/circonavegador.com.br\/index.php?rest_route=\/wp\/v2\/tribe_events\/5156\/revisions"}],"wp:featuredmedia":[{"embeddable":true,"href":"https:\/\/circonavegador.com.br\/index.php?rest_route=\/wp\/v2\/media\/5157"}],"wp:attachment":[{"href":"https:\/\/circonavegador.com.br\/index.php?rest_route=%2Fwp%2Fv2%2Fmedia&parent=5156"}],"wp:term":[{"taxonomy":"post_tag","embeddable":true,"href":"https:\/\/circonavegador.com.br\/index.php?rest_route=%2Fwp%2Fv2%2Ftags&post=5156"},{"taxonomy":"tribe_events_cat","embeddable":true,"href":"https:\/\/circonavegador.com.br\/index.php?rest_route=%2Fwp%2Fv2%2Ftribe_events_cat&post=5156"}],"curies":[{"name":"wp","href":"https:\/\/api.w.org\/{rel}","templated":true}]}}