{"id":4880,"date":"2025-09-26T11:00:43","date_gmt":"2025-09-26T14:00:43","guid":{"rendered":"https:\/\/circonavegador.com.br\/?post_type=tribe_events&#038;p=4880"},"modified":"2025-09-26T11:57:57","modified_gmt":"2025-09-26T14:57:57","slug":"o-som-dos-meninos-quietos","status":"publish","type":"tribe_events","link":"https:\/\/circonavegador.com.br\/?tribe_events=o-som-dos-meninos-quietos","title":{"rendered":"O Som dos Meninos Quietos"},"content":{"rendered":"<div  class=\"tribe-events-schedule tribe-clearfix\" >\n\t<p class=\"tribe-events-schedule__datetime\">\n\t\t<span class=\"tribe-events-schedule__date tribe-events-schedule__date--start\">\n\t\t\toutubro 11, 2025\t\t<\/span>\n\n\t\t\t\t\t<span class=\"tribe-events-schedule__separator tribe-events-schedule__separator--date\">\n\t\t\t\t @ \t\t\t<\/span>\n\t\t\t<span class=\"tribe-events-schedule__time tribe-events-schedule__time--start\">\n\t\t\t\t17:00\t\t\t<\/span>\n\t\t\n\t\t\t<\/p>\n<\/div>\n\n\n\n<p>Dia 11 (s\u00e1bado), \u00e0s 17h, em comemora\u00e7\u00e3o ao Dia da Crian\u00e7a, Jean Garfunkel e Sonia Lopes apresentam o show po\u00e9tico musical dedicado aos pequenos.&nbsp;<\/p>\n\n\n\n<p>Inspirado na seguinte declara\u00e7\u00e3o do escritor Jo\u00e3o Guimar\u00e3es Rosa: \u201cAinda hei de escrever um pequeno tratado de brinquedos para meninos quietos\u201d, o compositor, poeta, cantor, int\u00e9rprete e contador de hist\u00f3rias Jean Garfunkel, concebeu em parceria com a pesquisadora da obra rosiana Selma Maria, este espet\u00e1culo l\u00edtero musical que contempla imagens e mem\u00f3rias da inf\u00e2ncia sertaneja, encontradas na literatura do mestre.&nbsp;<\/p>\n\n\n\n<p>O menino quieto sempre observando, criando seus pr\u00f3prios brinquedos, brincando de imaginar \u00e9 o protagonista desta m\u00e1gica aventura.<\/p>\n\n\n\n<p>O Som dos Meninos Quietos conta com a participa\u00e7\u00e3o especial\u00edssima da compositora, int\u00e9rprete, contadora de hist\u00f3rias e not\u00f3ria entusiasta da cultura cai\u00e7ara Sonia Lopes.<\/p>\n\n\n\n<p>Jean Garfunkel \u00e9 compositor e int\u00e9rprete, com tr\u00eas CDs gravados em parceria com seu irm\u00e3o Paulo Garfunkel, e m\u00fasicas nas vozes de grandes nomes da MPB tais como: Zizi Possi, Pena Branca e Xavantinho, Elis Regina e Maria Rita. O Som dos Meninos Quietos j\u00e1 foi apresentado nas unidades do SESC, SESI, C\u00c9U, Bibliotecas, Escolas e Teatros da Caixa Econ\u00f4mica Federal e no Museu da Casa Guimar\u00e3es Rosa em Cordisburgo (terra natal do escritor).<\/p>\n\n\n\n<p>Os ingressos promocionais podem ser adquiridos antecipadamente por R$20,00 pelo WhatsApp: <a href=\"https:\/\/wa.me\/p\/24412372471718173\/551221018249\" target=\"_blank\" rel=\"noopener\" title=\"\">(12) 2101-8249<\/a>.<\/p>\n\n\n<div  class=\"tribe-block tribe-block__event-price\" >\n\t\t\t<span class=\"tribe-block__event-price__cost\"> $20 <\/span>\n\t\t<\/div>\n\n\n\n\n<div  class=\"tribe-block tribe-block__venue tribe-clearfix\" >\n\t\n\t\t\n\t<\/div>\n\n\n\n\n\t<div  class=\"tribe-block tribe-block__events-link\" >\n\t\t<div class=\"tribe-events tribe-common\">\n\t\t\t<div class=\"tribe-events-c-subscribe-dropdown__container\">\n\t\t\t\t<div class=\"tribe-events-c-subscribe-dropdown\">\n\t\t\t\t\t<div class=\"tribe-common-c-btn-border tribe-events-c-subscribe-dropdown__button\">\n\t\t\t\t\t\t<svg\n\t class=\"tribe-common-c-svgicon tribe-common-c-svgicon--cal-export tribe-events-c-subscribe-dropdown__export-icon\" \taria-hidden=\"true\"\n\tviewBox=\"0 0 23 17\"\n\txmlns=\"http:\/\/www.w3.org\/2000\/svg\"\n>\n\t<path fill-rule=\"evenodd\" clip-rule=\"evenodd\" d=\"M.128.896V16.13c0 .211.145.383.323.383h15.354c.179 0 .323-.172.323-.383V.896c0-.212-.144-.383-.323-.383H.451C.273.513.128.684.128.896Zm16 6.742h-.901V4.679H1.009v10.729h14.218v-3.336h.901V7.638ZM1.01 1.614h14.218v2.058H1.009V1.614Z\" \/>\n\t<path d=\"M20.5 9.846H8.312M18.524 6.953l2.89 2.909-2.855 2.855\" stroke-width=\"1.2\" stroke-linecap=\"round\" stroke-linejoin=\"round\"\/>\n<\/svg>\n\t\t\t\t\t\t<button\n\t\t\t\t\t\t\tclass=\"tribe-events-c-subscribe-dropdown__button-text\"\n\t\t\t\t\t\t\taria-expanded=\"false\"\n\t\t\t\t\t\t\taria-controls=\"tribe-events-subscribe-dropdown-content\"\n\t\t\t\t\t\t\taria-label=\"View links to add events to your calendar\"\n\t\t\t\t\t\t>\n\t\t\t\t\t\t\tAdicionar ao calend\u00e1rio\t\t\t\t\t\t<\/button>\n\t\t\t\t\t\t<svg\n\t class=\"tribe-common-c-svgicon tribe-common-c-svgicon--caret-down tribe-events-c-subscribe-dropdown__button-icon\" \taria-hidden=\"true\"\n\tviewBox=\"0 0 10 7\"\n\txmlns=\"http:\/\/www.w3.org\/2000\/svg\"\n>\n\t<path fill-rule=\"evenodd\" clip-rule=\"evenodd\" d=\"M1.008.609L5 4.6 8.992.61l.958.958L5 6.517.05 1.566l.958-.958z\" class=\"tribe-common-c-svgicon__svg-fill\"\/>\n<\/svg>\n\t\t\t\t\t<\/div>\n\t\t\t\t\t<div id=\"tribe-events-subscribe-dropdown-content\" class=\"tribe-events-c-subscribe-dropdown__content\">\n\t\t\t\t\t\t<ul class=\"tribe-events-c-subscribe-dropdown__list\">\n\t\t\t\t\t\t\t\t\t\t\t\t\t\t\t<li class=\"tribe-events-c-subscribe-dropdown__list-item tribe-events-c-subscribe-dropdown__list-item--gcal\">\n\t\t\t\t\t\t\t\t\t<a\n\t\t\t\t\t\t\t\t\t\thref=\"https:\/\/www.google.com\/calendar\/event?action=TEMPLATE&#038;dates=20251011T170000\/20251011T170000&#038;text=O%20Som%20dos%20Meninos%20Quietos&#038;details=%3Cp%3EDia+11+%28s%C3%A1bado%29%2C+%C3%A0s+17h%2C+em+comemora%C3%A7%C3%A3o+ao+Dia+da+Crian%C3%A7a%2C+Jean+Garfunkel+e+Sonia+Lopes+apresentam+o+show+po%C3%A9tico+musical+dedicado+aos+pequenos.%26nbsp%3B%3C%2Fp%3E+%3Cp%3EInspirado+na+seguinte+declara%C3%A7%C3%A3o+do+escritor+Jo%C3%A3o+Guimar%C3%A3es+Rosa%3A+%E2%80%9CAinda+hei+de+escrever+um+pequeno+tratado+de+brinquedos+para+meninos+quietos%E2%80%9D%2C+o+compositor%2C+poeta%2C+cantor%2C+int%C3%A9rprete+e+contador+de+hist%C3%B3rias+Jean+Garfunkel%2C+concebeu+em+parceria+com+a+pesquisadora+da+obra+rosiana+Selma+Maria%2C+este+espet%C3%A1culo+l%C3%ADtero+musical+que+contempla+imagens+e+mem%C3%B3rias+da+inf%C3%A2ncia+sertaneja%2C+encontradas+na+literatura+do+mestre.%26nbsp%3B%3C%2Fp%3E+%3Cp%3EO+menino+quieto+sempre+observando%2C+criando+seus+pr%C3%B3prios+brinquedos%2C+brincando+de+imaginar+%C3%A9+o+protagonista+desta+m%C3%A1gica+aventura.%3C%2Fp%3E+%3Cp%3EO+Som+dos+Meninos+Quietos+conta+com+a+participa%C3%A7%C3%A3o+especial%C3%ADssima+da+compositora%2C+int%C3%A9rprete%2C+contadora+de+hist%C3%B3rias+e+not%C3%B3ria+entusiasta+da+cultura+cai%C3%A7ara+Sonia+Lopes.%3C%2Fp%3E+%3Cp%3EJean+Garfunkel+%C3%A9+compositor+e+int%C3%A9rpre%3C%2Fp%3E+%28Veja+a+descri%C3%A7%C3%A3o+completa+de+evento+aqui%3A+https%3A%2F%2Fcirconavegador.com.br%2F%3Ftribe_events%3Do-som-dos-meninos-quietos%29&#038;trp=false&#038;ctz=America\/Sao_Paulo&#038;sprop=website:https:\/\/circonavegador.com.br\"\n\t\t\t\t\t\t\t\t\t\tclass=\"tribe-events-c-subscribe-dropdown__list-item-link\"\n\t\t\t\t\t\t\t\t\t\ttarget=\"_blank\"\n\t\t\t\t\t\t\t\t\t\trel=\"noopener noreferrer nofollow noindex\"\n\t\t\t\t\t\t\t\t\t>\n\t\t\t\t\t\t\t\t\t\tGoogle Agenda\t\t\t\t\t\t\t\t\t<\/a>\n\t\t\t\t\t\t\t\t<\/li>\n\t\t\t\t\t\t\t\t\t\t\t\t\t\t\t<li class=\"tribe-events-c-subscribe-dropdown__list-item tribe-events-c-subscribe-dropdown__list-item--ical\">\n\t\t\t\t\t\t\t\t\t<a\n\t\t\t\t\t\t\t\t\t\thref=\"\"\n\t\t\t\t\t\t\t\t\t\tclass=\"tribe-events-c-subscribe-dropdown__list-item-link\"\n\t\t\t\t\t\t\t\t\t\ttarget=\"_blank\"\n\t\t\t\t\t\t\t\t\t\trel=\"noopener noreferrer nofollow noindex\"\n\t\t\t\t\t\t\t\t\t>\n\t\t\t\t\t\t\t\t\t\tiCalendar\t\t\t\t\t\t\t\t\t<\/a>\n\t\t\t\t\t\t\t\t<\/li>\n\t\t\t\t\t\t\t\t\t\t\t\t\t\t\t<li class=\"tribe-events-c-subscribe-dropdown__list-item tribe-events-c-subscribe-dropdown__list-item--outlook-365\">\n\t\t\t\t\t\t\t\t\t<a\n\t\t\t\t\t\t\t\t\t\thref=\"\"\n\t\t\t\t\t\t\t\t\t\tclass=\"tribe-events-c-subscribe-dropdown__list-item-link\"\n\t\t\t\t\t\t\t\t\t\ttarget=\"_blank\"\n\t\t\t\t\t\t\t\t\t\trel=\"noopener noreferrer nofollow noindex\"\n\t\t\t\t\t\t\t\t\t>\n\t\t\t\t\t\t\t\t\t\tOutlook 365\t\t\t\t\t\t\t\t\t<\/a>\n\t\t\t\t\t\t\t\t<\/li>\n\t\t\t\t\t\t\t\t\t\t\t\t\t\t\t<li class=\"tribe-events-c-subscribe-dropdown__list-item tribe-events-c-subscribe-dropdown__list-item--outlook-live\">\n\t\t\t\t\t\t\t\t\t<a\n\t\t\t\t\t\t\t\t\t\thref=\"\"\n\t\t\t\t\t\t\t\t\t\tclass=\"tribe-events-c-subscribe-dropdown__list-item-link\"\n\t\t\t\t\t\t\t\t\t\ttarget=\"_blank\"\n\t\t\t\t\t\t\t\t\t\trel=\"noopener noreferrer nofollow noindex\"\n\t\t\t\t\t\t\t\t\t>\n\t\t\t\t\t\t\t\t\t\tOutlook Live\t\t\t\t\t\t\t\t\t<\/a>\n\t\t\t\t\t\t\t\t<\/li>\n\t\t\t\t\t\t\t\t\t\t\t\t\t<\/ul>\n\t\t\t\t\t<\/div>\n\t\t\t\t<\/div>\n\t\t\t<\/div>\n\t\t<\/div>\n\t<\/div>\n\n","protected":false},"excerpt":{"rendered":"<p>Dia 11 (s\u00e1bado), \u00e0s 17h, em comemora\u00e7\u00e3o ao Dia da Crian\u00e7a, Jean Garfunkel e Sonia Lopes apresentam o show po\u00e9tico musical dedicado aos pequenos.&nbsp; Inspirado na seguinte declara\u00e7\u00e3o do escritor Jo\u00e3o Guimar\u00e3es Rosa: \u201cAinda hei de escrever um pequeno tratado de brinquedos para meninos quietos\u201d, o compositor, poeta, cantor, int\u00e9rprete e contador de hist\u00f3rias Jean Garfunkel, concebeu em parceria com a pesquisadora da obra rosiana Selma Maria, este espet\u00e1culo l\u00edtero musical que contempla imagens e mem\u00f3rias da inf\u00e2ncia sertaneja, encontradas na literatura do mestre.&nbsp; O menino quieto sempre observando, criando seus pr\u00f3prios brinquedos, brincando de imaginar \u00e9 o protagonista desta m\u00e1gica aventura. O Som dos Meninos Quietos conta com a participa\u00e7\u00e3o especial\u00edssima da compositora, int\u00e9rprete, contadora de hist\u00f3rias e not\u00f3ria entusiasta da cultura cai\u00e7ara Sonia Lopes. Jean Garfunkel \u00e9 compositor e int\u00e9rprete, com tr\u00eas CDs gravados em parceria com seu irm\u00e3o Paulo Garfunkel, e m\u00fasicas nas vozes de grandes nomes da MPB tais como: Zizi Possi, Pena Branca e Xavantinho, Elis Regina e Maria Rita. O Som dos Meninos Quietos j\u00e1 foi apresentado nas unidades do SESC, SESI, C\u00c9U, Bibliotecas, Escolas e Teatros da Caixa Econ\u00f4mica Federal e no Museu da Casa Guimar\u00e3es Rosa em Cordisburgo (terra natal do escritor). Os ingressos promocionais podem ser adquiridos antecipadamente por R$20,00 pelo WhatsApp: (12) 2101-8249.<\/p>\n","protected":false},"author":1,"featured_media":4881,"template":"","meta":{"_eb_attr":"","_EventAllDay":false,"_EventTimezone":"America\/Sao_Paulo","_EventStartDate":"2025-10-11 17:00:00","_EventEndDate":"2025-10-11 17:00:00","_EventStartDateUTC":"2025-10-11 20:00:00","_EventEndDateUTC":"2025-10-11 20:00:00","_EventShowMap":false,"_EventShowMapLink":false,"_EventURL":"","_EventCost":"20","_EventCostDescription":"","_EventCurrencySymbol":"$","_EventCurrencyCode":"Rea","_EventCurrencyPosition":"prefix","_EventDateTimeSeparator":" @ ","_EventTimeRangeSeparator":" - ","_EventOrganizerID":[],"_EventVenueID":[],"_OrganizerEmail":"","_OrganizerPhone":"","_OrganizerWebsite":"","_VenueAddress":"","_VenueCity":"","_VenueCountry":"","_VenueProvince":"","_VenueState":"","_VenueZip":"","_VenuePhone":"","_VenueURL":"","_VenueStateProvince":"","_VenueLat":"","_VenueLng":"","_VenueShowMap":false,"_VenueShowMapLink":false,"ocean_post_layout":"","ocean_both_sidebars_style":"","ocean_both_sidebars_content_width":0,"ocean_both_sidebars_sidebars_width":0,"ocean_sidebar":"","ocean_second_sidebar":"","ocean_disable_margins":"enable","ocean_add_body_class":"","ocean_shortcode_before_top_bar":"","ocean_shortcode_after_top_bar":"","ocean_shortcode_before_header":"","ocean_shortcode_after_header":"","ocean_has_shortcode":"","ocean_shortcode_after_title":"","ocean_shortcode_before_footer_widgets":"","ocean_shortcode_after_footer_widgets":"","ocean_shortcode_before_footer_bottom":"","ocean_shortcode_after_footer_bottom":"","ocean_display_top_bar":"default","ocean_display_header":"default","ocean_header_style":"","ocean_center_header_left_menu":"","ocean_custom_header_template":"","ocean_custom_logo":0,"ocean_custom_retina_logo":0,"ocean_custom_logo_max_width":0,"ocean_custom_logo_tablet_max_width":0,"ocean_custom_logo_mobile_max_width":0,"ocean_custom_logo_max_height":0,"ocean_custom_logo_tablet_max_height":0,"ocean_custom_logo_mobile_max_height":0,"ocean_header_custom_menu":"","ocean_menu_typo_font_family":"","ocean_menu_typo_font_subset":"","ocean_menu_typo_font_size":0,"ocean_menu_typo_font_size_tablet":0,"ocean_menu_typo_font_size_mobile":0,"ocean_menu_typo_font_size_unit":"px","ocean_menu_typo_font_weight":"","ocean_menu_typo_font_weight_tablet":"","ocean_menu_typo_font_weight_mobile":"","ocean_menu_typo_transform":"","ocean_menu_typo_transform_tablet":"","ocean_menu_typo_transform_mobile":"","ocean_menu_typo_line_height":0,"ocean_menu_typo_line_height_tablet":0,"ocean_menu_typo_line_height_mobile":0,"ocean_menu_typo_line_height_unit":"","ocean_menu_typo_spacing":0,"ocean_menu_typo_spacing_tablet":0,"ocean_menu_typo_spacing_mobile":0,"ocean_menu_typo_spacing_unit":"","ocean_menu_link_color":"","ocean_menu_link_color_hover":"","ocean_menu_link_color_active":"","ocean_menu_link_background":"","ocean_menu_link_hover_background":"","ocean_menu_link_active_background":"","ocean_menu_social_links_bg":"","ocean_menu_social_hover_links_bg":"","ocean_menu_social_links_color":"","ocean_menu_social_hover_links_color":"","ocean_disable_title":"default","ocean_disable_heading":"default","ocean_post_title":"","ocean_post_subheading":"","ocean_post_title_style":"","ocean_post_title_background_color":"","ocean_post_title_background":0,"ocean_post_title_bg_image_position":"","ocean_post_title_bg_image_attachment":"","ocean_post_title_bg_image_repeat":"","ocean_post_title_bg_image_size":"","ocean_post_title_height":0,"ocean_post_title_bg_overlay":0.5,"ocean_post_title_bg_overlay_color":"","ocean_disable_breadcrumbs":"default","ocean_breadcrumbs_color":"","ocean_breadcrumbs_separator_color":"","ocean_breadcrumbs_links_color":"","ocean_breadcrumbs_links_hover_color":"","ocean_display_footer_widgets":"default","ocean_display_footer_bottom":"default","ocean_custom_footer_template":"","_tribe_events_status":"","_tribe_events_status_reason":"","footnotes":""},"tags":[],"tribe_events_cat":[],"class_list":["post-4880","tribe_events","type-tribe_events","status-publish","has-post-thumbnail","hentry","entry","has-media"],"aioseo_notices":[],"_links":{"self":[{"href":"https:\/\/circonavegador.com.br\/index.php?rest_route=\/wp\/v2\/tribe_events\/4880","targetHints":{"allow":["GET"]}}],"collection":[{"href":"https:\/\/circonavegador.com.br\/index.php?rest_route=\/wp\/v2\/tribe_events"}],"about":[{"href":"https:\/\/circonavegador.com.br\/index.php?rest_route=\/wp\/v2\/types\/tribe_events"}],"author":[{"embeddable":true,"href":"https:\/\/circonavegador.com.br\/index.php?rest_route=\/wp\/v2\/users\/1"}],"version-history":[{"count":0,"href":"https:\/\/circonavegador.com.br\/index.php?rest_route=\/wp\/v2\/tribe_events\/4880\/revisions"}],"wp:featuredmedia":[{"embeddable":true,"href":"https:\/\/circonavegador.com.br\/index.php?rest_route=\/wp\/v2\/media\/4881"}],"wp:attachment":[{"href":"https:\/\/circonavegador.com.br\/index.php?rest_route=%2Fwp%2Fv2%2Fmedia&parent=4880"}],"wp:term":[{"taxonomy":"post_tag","embeddable":true,"href":"https:\/\/circonavegador.com.br\/index.php?rest_route=%2Fwp%2Fv2%2Ftags&post=4880"},{"taxonomy":"tribe_events_cat","embeddable":true,"href":"https:\/\/circonavegador.com.br\/index.php?rest_route=%2Fwp%2Fv2%2Ftribe_events_cat&post=4880"}],"curies":[{"name":"wp","href":"https:\/\/api.w.org\/{rel}","templated":true}]}}