{"id":3782,"date":"2024-04-24T17:23:08","date_gmt":"2024-04-24T20:23:08","guid":{"rendered":"https:\/\/circonavegador.com.br\/?post_type=tribe_events&#038;p=3782"},"modified":"2024-04-24T17:23:13","modified_gmt":"2024-04-24T20:23:13","slug":"oficina-de-grafite","status":"publish","type":"tribe_events","link":"https:\/\/circonavegador.com.br\/?tribe_events=oficina-de-grafite","title":{"rendered":"Oficina de Grafite"},"content":{"rendered":"<div  class=\"tribe-events-schedule tribe-clearfix\" >\n\t<p class=\"tribe-events-schedule__datetime\">\n\t\t<span class=\"tribe-events-schedule__date tribe-events-schedule__date--start\">\n\t\t\tmaio 6, 2024\t\t<\/span>\n\n\t\t\t\t\t<span class=\"tribe-events-schedule__separator tribe-events-schedule__separator--date\">\n\t\t\t\t @ \t\t\t<\/span>\n\t\t\t<span class=\"tribe-events-schedule__time tribe-events-schedule__time--start\">\n\t\t\t\t08:00\t\t\t<\/span>\n\t\t\n\t\t\t\t\t\t\t\t\t<span class=\"tribe-events-schedule__separator tribe-events-schedule__separator--time\">\n\t\t\t\t\t &#8211; \t\t\t\t<\/span>\n\t\t\t\n\t\t\t\t\t\t\t<span class=\"tribe-events-schedule__time tribe-events-schedule__time--end\">\n\t\t\t\t\t17:00\t\t\t\t<\/span>\n\t\t\t\n\t\t\t\t\t\t<\/p>\n<\/div>\n\n\n\n<p>Est\u00e3o abertas as incri\u00e7\u00f5es para a Oficina de Grafite que ser\u00e1 ministrada pelo Sergio de Oliveira, tamb\u00e9m conhecido como Guava no mundo do grafite. As aulas ocorreram de forma gratuita no Ponto de Cultura \u00e0s segundas e quartas-feiras, com turmas no per\u00edodo da manh\u00e3 e tarde.<\/p>\n\n\n\n<p>A oficina \u00e9 para voc\u00ea que quer aprender e desenvolver na \u00e1rea das Artes Visuais.&nbsp;Venha colorir a paisagem da cidade, expressar a poesia em imagens, ocupar o espa\u00e7o com identidades e explorar criatividades. Al\u00e9m disso, ser\u00e1 emitido certificado de participa\u00e7\u00e3o da oficina.<\/p>\n\n\n\n<p>Acesse o link de inscri\u00e7\u00e3o e participe !<\/p>\n\n\n\n<p><a href=\"https:\/\/docs.google.com\/forms\/d\/e\/1FAIpQLSe9_k8ye-CYl29h1GydrhbPXxNOgsigjUYFQRweOgPoe4n8ag\/viewform?usp=sf_link\">https:\/\/docs.google.com\/forms\/d\/e\/1FAIpQLSe9_k8ye-CYl29h1GydrhbPXxNOgsigjUYFQRweOgPoe4n8ag\/viewform?usp=sf_link<\/a><\/p>\n\n\n\n<p>DIAS:&nbsp;Segundas e quartas-feiras<\/p>\n\n\n\n<p>Turma Manh\u00e3: das 9h30 \u00e0s 11h&nbsp;<\/p>\n\n\n\n<p>Turma Tarde: 15h30 \u00e0s 17h<\/p>\n\n\n\n<p>Emiss\u00e3o de Certificados de participa\u00e7\u00e3o<\/p>\n\n\n<div  class=\"tribe-block tribe-block__event-price\" >\n\t\t\t<span class=\"tribe-block__event-price__cost\"> Livre <\/span>\n\t\t<\/div>\n\n\n\n\n<div  class=\"tribe-block tribe-block__venue tribe-clearfix tribe-block__venue--has-map\" >\n\t\n\t\n<div class=\"tribe-block__venue__meta\">\n\t<div class=\"tribe-block__venue__name\">\n\t\t<h3>Ponto de Cultura<\/h3>\n\t<\/div>\n\n\t\n\t\t\t\t\t\t<address class=\"tribe-block__venue__address\">\n\t\t\t\t<span class=\"tribe-address\">\n\n<span class=\"tribe-street-address\">Rua Prefeito Mansueto Pierotti, 826<\/span>\n\t\n\t\t<br>\n\t\t<span class=\"tribe-locality\">S\u00e3o Sebasti\u00e3o<\/span><span class=\"tribe-delimiter\">,<\/span>\n\n\t<abbr class=\"tribe-region tribe-events-abbr\" title=\"SP\">SP<\/abbr>\n\n\t<span class=\"tribe-postal-code\">11609-003<\/span>\n\n\t<span class=\"tribe-country-name\">Brasil<\/span>\n\n<\/span>\n\n\t\t\t\t\t\t\t\t\t<a class=\"tribe-events-gmap\" href=\"https:\/\/maps.google.com\/maps?f=q&#038;source=s_q&#038;hl=en&#038;geocode=&#038;q=Rua+Prefeito+Mansueto+Pierotti%2C+826+S%C3%A3o+Sebasti%C3%A3o+SP+11609-003+Brasil\" title=\"Clique para o Google Maps\" target=\"_blank\" rel=\"noreferrer noopener\">+ Google Map<\/a>\t\t\t\t\t\t\t<\/address>\n\t\t\n\t\t\t\t\t<span class=\"tribe-block__venue__phone\">1221018249<\/span><br \/>\n\t\t\n\t\t\t\n\t<\/div>\n\t\n<div class=\"tribe-block__venue__map\">\n\t\n<iframe\n  title=\"Google maps iframe displaying the address to Ponto de Cultura\"\n  aria-label=\"Mapa de localiza\u00e7\u00e3o do local\"\n  width=\"310px\"\n  height=\"256px\"\n  frameborder=\"0\" style=\"border:0\"\n  data-src=\"https:\/\/www.google.com\/maps\/embed\/v1\/place?key=AIzaSyDNsicAsP6-VuGtAb1O9riI3oc_NOb7IOU&#038;q=Rua+Prefeito+Mansueto+Pierotti%2C+826+S%C3%A3o+Sebasti%C3%A3o+SP+SP+11609-003+Brasil+&#038;zoom=10\" allowfullscreen src=\"data:image\/svg+xml;base64,PHN2ZyB3aWR0aD0iMSIgaGVpZ2h0PSIxIiB4bWxucz0iaHR0cDovL3d3dy53My5vcmcvMjAwMC9zdmciPjwvc3ZnPg==\" class=\"lazyload\" data-load-mode=\"1\">\n<\/iframe>\n<\/div>\n\n\t<\/div>\n\n\n\n\n\t<div  class=\"tribe-block tribe-block__events-link\" >\n\t\t<div class=\"tribe-events tribe-common\">\n\t\t\t<div class=\"tribe-events-c-subscribe-dropdown__container\">\n\t\t\t\t<div class=\"tribe-events-c-subscribe-dropdown\">\n\t\t\t\t\t<div class=\"tribe-common-c-btn-border tribe-events-c-subscribe-dropdown__button\">\n\t\t\t\t\t\t<svg\n\t class=\"tribe-common-c-svgicon tribe-common-c-svgicon--cal-export tribe-events-c-subscribe-dropdown__export-icon\" \taria-hidden=\"true\"\n\tviewBox=\"0 0 23 17\"\n\txmlns=\"http:\/\/www.w3.org\/2000\/svg\"\n>\n\t<path fill-rule=\"evenodd\" clip-rule=\"evenodd\" d=\"M.128.896V16.13c0 .211.145.383.323.383h15.354c.179 0 .323-.172.323-.383V.896c0-.212-.144-.383-.323-.383H.451C.273.513.128.684.128.896Zm16 6.742h-.901V4.679H1.009v10.729h14.218v-3.336h.901V7.638ZM1.01 1.614h14.218v2.058H1.009V1.614Z\" \/>\n\t<path d=\"M20.5 9.846H8.312M18.524 6.953l2.89 2.909-2.855 2.855\" stroke-width=\"1.2\" stroke-linecap=\"round\" stroke-linejoin=\"round\"\/>\n<\/svg>\n\t\t\t\t\t\t<button\n\t\t\t\t\t\t\tclass=\"tribe-events-c-subscribe-dropdown__button-text\"\n\t\t\t\t\t\t\taria-expanded=\"false\"\n\t\t\t\t\t\t\taria-controls=\"tribe-events-subscribe-dropdown-content\"\n\t\t\t\t\t\t\taria-label=\"View links to add events to your calendar\"\n\t\t\t\t\t\t>\n\t\t\t\t\t\t\tAdicionar ao calend\u00e1rio\t\t\t\t\t\t<\/button>\n\t\t\t\t\t\t<svg\n\t class=\"tribe-common-c-svgicon tribe-common-c-svgicon--caret-down tribe-events-c-subscribe-dropdown__button-icon\" \taria-hidden=\"true\"\n\tviewBox=\"0 0 10 7\"\n\txmlns=\"http:\/\/www.w3.org\/2000\/svg\"\n>\n\t<path fill-rule=\"evenodd\" clip-rule=\"evenodd\" d=\"M1.008.609L5 4.6 8.992.61l.958.958L5 6.517.05 1.566l.958-.958z\" class=\"tribe-common-c-svgicon__svg-fill\"\/>\n<\/svg>\n\t\t\t\t\t<\/div>\n\t\t\t\t\t<div id=\"tribe-events-subscribe-dropdown-content\" class=\"tribe-events-c-subscribe-dropdown__content\">\n\t\t\t\t\t\t<ul class=\"tribe-events-c-subscribe-dropdown__list\">\n\t\t\t\t\t\t\t\t\t\t\t\t\t\t\t<li class=\"tribe-events-c-subscribe-dropdown__list-item tribe-events-c-subscribe-dropdown__list-item--gcal\">\n\t\t\t\t\t\t\t\t\t<a\n\t\t\t\t\t\t\t\t\t\thref=\"https:\/\/www.google.com\/calendar\/event?action=TEMPLATE&#038;dates=20240506T080000\/20240506T170000&#038;text=Oficina%20de%20Grafite&#038;details=%3Cp%3EEst%C3%A3o+abertas+as+incri%C3%A7%C3%B5es+para+a+Oficina+de+Grafite+que+ser%C3%A1+ministrada+pelo+Sergio+de+Oliveira%2C+tamb%C3%A9m+conhecido+como+Guava+no+mundo+do+grafite.+As+aulas+ocorreram+de+forma+gratuita+no+Ponto+de+Cultura+%C3%A0s+segundas+e+quartas-feiras%2C+com+turmas+no+per%C3%ADodo+da+manh%C3%A3+e+tarde.%3C%2Fp%3E+%3Cp%3EA+oficina+%C3%A9+para+voc%C3%AA+que+quer+aprender+e+desenvolver+na+%C3%A1rea+das+Artes+Visuais.%26nbsp%3BVenha+colorir+a+paisagem+da+cidade%2C+expressar+a+poesia+em+imagens%2C+ocupar+o+espa%C3%A7o+com+identidades+e+explorar+criatividades.+Al%C3%A9m+disso%2C+ser%C3%A1+emitido+certificado+de+participa%C3%A7%C3%A3o+da+oficina.%3C%2Fp%3E+%3Cp%3EAcesse+o+link+de+inscri%C3%A7%C3%A3o+e+participe+%21%3C%2Fp%3E+%3Cp%3E%3Ca+href%3D%22https%3A%2F%2Fdocs.google.com%2Fforms%2Fd%2Fe%2F1FAIpQLSe9_k8ye-CYl29h1GydrhbPXxNOgsigjUYFQRweOgPoe4n8ag%2Fviewform%3Fusp%3Dsf_link%22%3Ehttps%3A%2F%2Fdocs.google.com%2Fforms%2Fd%2Fe%2F1FAIpQLSe9_k8ye-CYl29h1GydrhbPXxNOgsigjUYFQRweOgPoe4n8ag%2Fviewform%3Fusp%3Dsf_link%3C%2Fa%3E%3C%2Fp%3E+%3Cp%3EDIAS%3A%26nbsp%3BSegundas+e+quartas-feiras%3C%2Fp%3E+%3Cp%3ETurma+Manh%C3%A3%3A+das+9h30+%C3%A0s+11h%26nbsp%3B%3C%2Fp%3E+%3Cp%3ETur%3C%2Fp%3E+%28Veja+a+descri%C3%A7%C3%A3o+completa+de+evento+aqui%3A+https%3A%2F%2Fcirconavegador.com.br%2F%3Ftribe_events%3Doficina-de-grafite%29&#038;location=Ponto%20de%20Cultura,%20Rua%20Prefeito%20Mansueto%20Pierotti,%20826,%20S\u00e3o%20Sebasti\u00e3o,%20SP,%2011609-003,%20Brasil&#038;trp=false&#038;ctz=America\/Sao_Paulo&#038;sprop=website:https:\/\/circonavegador.com.br\"\n\t\t\t\t\t\t\t\t\t\tclass=\"tribe-events-c-subscribe-dropdown__list-item-link\"\n\t\t\t\t\t\t\t\t\t\ttarget=\"_blank\"\n\t\t\t\t\t\t\t\t\t\trel=\"noopener noreferrer nofollow noindex\"\n\t\t\t\t\t\t\t\t\t>\n\t\t\t\t\t\t\t\t\t\tGoogle Agenda\t\t\t\t\t\t\t\t\t<\/a>\n\t\t\t\t\t\t\t\t<\/li>\n\t\t\t\t\t\t\t\t\t\t\t\t\t\t\t<li class=\"tribe-events-c-subscribe-dropdown__list-item tribe-events-c-subscribe-dropdown__list-item--ical\">\n\t\t\t\t\t\t\t\t\t<a\n\t\t\t\t\t\t\t\t\t\thref=\"\"\n\t\t\t\t\t\t\t\t\t\tclass=\"tribe-events-c-subscribe-dropdown__list-item-link\"\n\t\t\t\t\t\t\t\t\t\ttarget=\"_blank\"\n\t\t\t\t\t\t\t\t\t\trel=\"noopener noreferrer nofollow noindex\"\n\t\t\t\t\t\t\t\t\t>\n\t\t\t\t\t\t\t\t\t\tiCalendar\t\t\t\t\t\t\t\t\t<\/a>\n\t\t\t\t\t\t\t\t<\/li>\n\t\t\t\t\t\t\t\t\t\t\t\t\t\t\t<li class=\"tribe-events-c-subscribe-dropdown__list-item tribe-events-c-subscribe-dropdown__list-item--outlook-365\">\n\t\t\t\t\t\t\t\t\t<a\n\t\t\t\t\t\t\t\t\t\thref=\"\"\n\t\t\t\t\t\t\t\t\t\tclass=\"tribe-events-c-subscribe-dropdown__list-item-link\"\n\t\t\t\t\t\t\t\t\t\ttarget=\"_blank\"\n\t\t\t\t\t\t\t\t\t\trel=\"noopener noreferrer nofollow noindex\"\n\t\t\t\t\t\t\t\t\t>\n\t\t\t\t\t\t\t\t\t\tOutlook 365\t\t\t\t\t\t\t\t\t<\/a>\n\t\t\t\t\t\t\t\t<\/li>\n\t\t\t\t\t\t\t\t\t\t\t\t\t\t\t<li class=\"tribe-events-c-subscribe-dropdown__list-item tribe-events-c-subscribe-dropdown__list-item--outlook-live\">\n\t\t\t\t\t\t\t\t\t<a\n\t\t\t\t\t\t\t\t\t\thref=\"\"\n\t\t\t\t\t\t\t\t\t\tclass=\"tribe-events-c-subscribe-dropdown__list-item-link\"\n\t\t\t\t\t\t\t\t\t\ttarget=\"_blank\"\n\t\t\t\t\t\t\t\t\t\trel=\"noopener noreferrer nofollow noindex\"\n\t\t\t\t\t\t\t\t\t>\n\t\t\t\t\t\t\t\t\t\tOutlook Live\t\t\t\t\t\t\t\t\t<\/a>\n\t\t\t\t\t\t\t\t<\/li>\n\t\t\t\t\t\t\t\t\t\t\t\t\t<\/ul>\n\t\t\t\t\t<\/div>\n\t\t\t\t<\/div>\n\t\t\t<\/div>\n\t\t<\/div>\n\t<\/div>\n\n","protected":false},"excerpt":{"rendered":"<p>Est\u00e3o abertas as incri\u00e7\u00f5es para a Oficina de Grafite que ser\u00e1 ministrada pelo Sergio de Oliveira, tamb\u00e9m conhecido como Guava no mundo do grafite. As aulas ocorreram de forma gratuita no Ponto de Cultura \u00e0s segundas e quartas-feiras, com turmas no per\u00edodo da manh\u00e3 e tarde. A oficina \u00e9 para voc\u00ea que quer aprender e desenvolver na \u00e1rea das Artes Visuais.&nbsp;Venha colorir a paisagem da cidade, expressar a poesia em imagens, ocupar o espa\u00e7o com identidades e explorar criatividades. Al\u00e9m disso, ser\u00e1 emitido certificado de participa\u00e7\u00e3o da oficina. Acesse o link de inscri\u00e7\u00e3o e participe ! https:\/\/docs.google.com\/forms\/d\/e\/1FAIpQLSe9_k8ye-CYl29h1GydrhbPXxNOgsigjUYFQRweOgPoe4n8ag\/viewform?usp=sf_link DIAS:&nbsp;Segundas e quartas-feiras Turma Manh\u00e3: das 9h30 \u00e0s 11h&nbsp; Turma Tarde: 15h30 \u00e0s 17h Emiss\u00e3o de Certificados de participa\u00e7\u00e3o<\/p>\n","protected":false},"author":1,"featured_media":0,"template":"","meta":{"_eb_attr":"","_EventAllDay":false,"_EventTimezone":"America\/Sao_Paulo","_EventStartDate":"2024-05-06 08:00:00","_EventEndDate":"2024-05-06 17:00:00","_EventStartDateUTC":"2024-05-06 11:00:00","_EventEndDateUTC":"2024-05-06 20:00:00","_EventShowMap":false,"_EventShowMapLink":false,"_EventURL":"","_EventCost":"0","_EventCostDescription":"","_EventCurrencySymbol":"$","_EventCurrencyCode":"Rea","_EventCurrencyPosition":"prefix","_EventDateTimeSeparator":" @ ","_EventTimeRangeSeparator":" - ","_EventOrganizerID":[],"_EventVenueID":[3783],"_OrganizerEmail":"","_OrganizerPhone":"","_OrganizerWebsite":"","_VenueAddress":"","_VenueCity":"","_VenueCountry":"","_VenueProvince":"","_VenueState":"","_VenueZip":"","_VenuePhone":"","_VenueURL":"","_VenueStateProvince":"","_VenueLat":"","_VenueLng":"","_VenueShowMap":false,"_VenueShowMapLink":false,"ocean_post_layout":"","ocean_both_sidebars_style":"","ocean_both_sidebars_content_width":0,"ocean_both_sidebars_sidebars_width":0,"ocean_sidebar":"","ocean_second_sidebar":"","ocean_disable_margins":"enable","ocean_add_body_class":"","ocean_shortcode_before_top_bar":"","ocean_shortcode_after_top_bar":"","ocean_shortcode_before_header":"","ocean_shortcode_after_header":"","ocean_has_shortcode":"","ocean_shortcode_after_title":"","ocean_shortcode_before_footer_widgets":"","ocean_shortcode_after_footer_widgets":"","ocean_shortcode_before_footer_bottom":"","ocean_shortcode_after_footer_bottom":"","ocean_display_top_bar":"default","ocean_display_header":"default","ocean_header_style":"","ocean_center_header_left_menu":"","ocean_custom_header_template":"","ocean_custom_logo":0,"ocean_custom_retina_logo":0,"ocean_custom_logo_max_width":0,"ocean_custom_logo_tablet_max_width":0,"ocean_custom_logo_mobile_max_width":0,"ocean_custom_logo_max_height":0,"ocean_custom_logo_tablet_max_height":0,"ocean_custom_logo_mobile_max_height":0,"ocean_header_custom_menu":"","ocean_menu_typo_font_family":"","ocean_menu_typo_font_subset":"","ocean_menu_typo_font_size":0,"ocean_menu_typo_font_size_tablet":0,"ocean_menu_typo_font_size_mobile":0,"ocean_menu_typo_font_size_unit":"px","ocean_menu_typo_font_weight":"","ocean_menu_typo_font_weight_tablet":"","ocean_menu_typo_font_weight_mobile":"","ocean_menu_typo_transform":"","ocean_menu_typo_transform_tablet":"","ocean_menu_typo_transform_mobile":"","ocean_menu_typo_line_height":0,"ocean_menu_typo_line_height_tablet":0,"ocean_menu_typo_line_height_mobile":0,"ocean_menu_typo_line_height_unit":"","ocean_menu_typo_spacing":0,"ocean_menu_typo_spacing_tablet":0,"ocean_menu_typo_spacing_mobile":0,"ocean_menu_typo_spacing_unit":"","ocean_menu_link_color":"","ocean_menu_link_color_hover":"","ocean_menu_link_color_active":"","ocean_menu_link_background":"","ocean_menu_link_hover_background":"","ocean_menu_link_active_background":"","ocean_menu_social_links_bg":"","ocean_menu_social_hover_links_bg":"","ocean_menu_social_links_color":"","ocean_menu_social_hover_links_color":"","ocean_disable_title":"default","ocean_disable_heading":"default","ocean_post_title":"","ocean_post_subheading":"","ocean_post_title_style":"","ocean_post_title_background_color":"","ocean_post_title_background":0,"ocean_post_title_bg_image_position":"","ocean_post_title_bg_image_attachment":"","ocean_post_title_bg_image_repeat":"","ocean_post_title_bg_image_size":"","ocean_post_title_height":0,"ocean_post_title_bg_overlay":0.5,"ocean_post_title_bg_overlay_color":"","ocean_disable_breadcrumbs":"default","ocean_breadcrumbs_color":"","ocean_breadcrumbs_separator_color":"","ocean_breadcrumbs_links_color":"","ocean_breadcrumbs_links_hover_color":"","ocean_display_footer_widgets":"default","ocean_display_footer_bottom":"default","ocean_custom_footer_template":"","_tribe_events_status":"","_tribe_events_status_reason":"","footnotes":""},"tags":[],"tribe_events_cat":[],"class_list":["post-3782","tribe_events","type-tribe_events","status-publish","hentry","entry"],"aioseo_notices":[],"_links":{"self":[{"href":"https:\/\/circonavegador.com.br\/index.php?rest_route=\/wp\/v2\/tribe_events\/3782","targetHints":{"allow":["GET"]}}],"collection":[{"href":"https:\/\/circonavegador.com.br\/index.php?rest_route=\/wp\/v2\/tribe_events"}],"about":[{"href":"https:\/\/circonavegador.com.br\/index.php?rest_route=\/wp\/v2\/types\/tribe_events"}],"author":[{"embeddable":true,"href":"https:\/\/circonavegador.com.br\/index.php?rest_route=\/wp\/v2\/users\/1"}],"version-history":[{"count":0,"href":"https:\/\/circonavegador.com.br\/index.php?rest_route=\/wp\/v2\/tribe_events\/3782\/revisions"}],"wp:attachment":[{"href":"https:\/\/circonavegador.com.br\/index.php?rest_route=%2Fwp%2Fv2%2Fmedia&parent=3782"}],"wp:term":[{"taxonomy":"post_tag","embeddable":true,"href":"https:\/\/circonavegador.com.br\/index.php?rest_route=%2Fwp%2Fv2%2Ftags&post=3782"},{"taxonomy":"tribe_events_cat","embeddable":true,"href":"https:\/\/circonavegador.com.br\/index.php?rest_route=%2Fwp%2Fv2%2Ftribe_events_cat&post=3782"}],"curies":[{"name":"wp","href":"https:\/\/api.w.org\/{rel}","templated":true}]}}