{"id":2637,"date":"2023-04-10T08:59:00","date_gmt":"2023-04-10T11:59:00","guid":{"rendered":"https:\/\/circonavegador.com.br\/?post_type=tribe_events&#038;p=2637"},"modified":"2023-04-17T16:55:27","modified_gmt":"2023-04-17T19:55:27","slug":"oficina-de-palhaco","status":"publish","type":"tribe_events","link":"https:\/\/circonavegador.com.br\/?tribe_events=oficina-de-palhaco","title":{"rendered":"Oficina de Palha\u00e7o"},"content":{"rendered":"<div  class=\"tribe-events-schedule tribe-clearfix\" >\n\t<p class=\"tribe-events-schedule__datetime\">\n\t\t<span class=\"tribe-events-schedule__date tribe-events-schedule__date--start\">\n\t\t\tabril 19, 2023\t\t<\/span>\n\n\t\t\t\t\t<span class=\"tribe-events-schedule__separator tribe-events-schedule__separator--date\">\n\t\t\t\t @ \t\t\t<\/span>\n\t\t\t<span class=\"tribe-events-schedule__time tribe-events-schedule__time--start\">\n\t\t\t\t19:00\t\t\t<\/span>\n\t\t\n\t\t\t<\/p>\n<\/div>\n\n\n\n<p>O Circo Navegador, em comemora\u00e7\u00e3o aos seus 25 anos de vida, est\u00e1 oferecendo oficina de palha\u00e7aria com Luciano Draetta. Na oficina \u201cO Riso\u201d, vamos compartilhar t\u00e9cnicas de consci\u00eancia corporal, jogos de palha\u00e7o e gestualidade para picadeiro.<\/p>\n\n\n\n<p>Luciano Draetta \u00e9 Palha\u00e7o e Mestre da Cultura Popular, reconhecido em 2017, pelo Pr\u00eamio Leandro Gomes de Barros do programa Culturas Populares do MINC. Atua profissionalmente desde 1992 e tem uma forma\u00e7\u00e3o art\u00edstica diversificada que vai do circo ao teatro, passando pela m\u00fasica e dan\u00e7a, entre outras habilidades art\u00edsticas.<\/p>\n\n\n\n<p>A oficina \u00e9 GRATUITA e as participantes ser\u00e3o selecionadas exclusivamente por meio deste formul\u00e1rio.&nbsp;&nbsp;<\/p>\n\n\n\n<p>Dia 19\/04 \u00e0s 19h<\/p>\n\n\n\n<p>P\u00fablico Alvo: Palha\u00e7os, circenses, atores e outros artistas que j\u00e1 tenham passado por processos de inicia\u00e7\u00e3o art\u00edstica, com idade superior a 14 anos.\u00a0\u00a0<\/p>\n\n\n\n<p><strong>Lista de selecionados na oficina de Palha\u00e7o \u201cO Riso&#8221;<\/strong><\/p>\n\n\n\n<p>Recebemos um grande n\u00famero de inscri\u00e7\u00f5es e foi necess\u00e1rio fazer a sele\u00e7\u00e3o dos participantes.Gostar\u00edamos que soubessem que todes s\u00e3o muito bem vindes em nossas a\u00e7\u00f5es.Confira se o seu nome est\u00e1 na lista e compare\u00e7a no dia e local da oficina. <\/p>\n\n\n\n<p><strong>Local<\/strong>: Local:\u00a0 Ponto Cultura GarapaEndere\u00e7o: R. Dom Pedro II, 1313 &#8211; Centro, Piracicaba &#8211; SP, 13400-390<\/p>\n\n\n\n<p><strong>Data<\/strong>: 19\/04 (quarta-feira)Hor\u00e1rio: 19 \u00e0s 21 horas (cheguem com 15 minutos de anteced\u00eancia)<\/p>\n\n\n\n<p>\u00c9 recomend\u00e1vel: o uso de roupas flex\u00edveis, trazer garrafinha de \u00e1gua<\/p>\n\n\n\n<p><strong>Lista de participantes selecionados:<\/strong><\/p>\n\n\n\n<p>Ana Roston<\/p>\n\n\n\n<p>Cris Matsuoka<\/p>\n\n\n\n<p>Danilo Donna<\/p>\n\n\n\n<p>Deborah Gomes<\/p>\n\n\n\n<p>D\u00e9ia Camargo<\/p>\n\n\n\n<p>Felipe James<\/p>\n\n\n\n<p>Guilherme Domingues<\/p>\n\n\n\n<p>Gyovanna Feitosa<\/p>\n\n\n\n<p>Katia Cristina Cagliari<\/p>\n\n\n\n<p>Maed\u00ea Fernandez<\/p>\n\n\n\n<p>Marcelo Torresan<\/p>\n\n\n\n<p>Paulo Henrique Antonio<\/p>\n\n\n\n<p>Phillipe Ramos<\/p>\n\n\n\n<p>Rafaela Correa<\/p>\n\n\n\n<p>Raul Marin<\/p>\n\n\n\n<p>Renata Ortolani<\/p>\n\n\n\n<p>Victor Moreira<\/p>\n\n\n\n<p>Vitor Vitti<\/p>\n\n\n\n<p>Viviane Souza<\/p>\n\n\n\n<p>Zero Berto<\/p>\n\n\n\n<p>Solange Prado Castel<\/p>\n\n\n\n<p><\/p>\n\n\n\n<p><\/p>\n\n\n<div  class=\"tribe-block tribe-block__event-price\" >\n\t\t\t\t<span class=\"tribe-block__event-price__description\">GRATUITO<\/span>\n\t<\/div>\n\n\n\n\n<div  class=\"tribe-block tribe-block__venue tribe-clearfix tribe-block__venue--has-map\" >\n\t\n\t\n<div class=\"tribe-block__venue__meta\">\n\t<div class=\"tribe-block__venue__name\">\n\t\t<h3>Ponto de Cultura Garapa<\/h3>\n\t<\/div>\n\n\t\n\t\t\t\t\t\t<address class=\"tribe-block__venue__address\">\n\t\t\t\t<span class=\"tribe-address\">\n\n<span class=\"tribe-street-address\">Dom Pedro II, 1313 &#8211; Centro<\/span>\n\t\n\t\t<br>\n\t\t<span class=\"tribe-locality\">Piracicaba<\/span><span class=\"tribe-delimiter\">,<\/span>\n\n\t<abbr class=\"tribe-region tribe-events-abbr\" title=\"SP\">SP<\/abbr>\n\n\n\t<span class=\"tribe-country-name\">Brasil<\/span>\n\n<\/span>\n\n\t\t\t\t\t\t\t\t\t<a class=\"tribe-events-gmap\" href=\"https:\/\/maps.google.com\/maps?f=q&#038;source=s_q&#038;hl=en&#038;geocode=&#038;q=Dom+Pedro+II%2C+1313+-+Centro+Piracicaba+SP+Brasil\" title=\"Clique para o Google Maps\" target=\"_blank\" rel=\"noreferrer noopener\">+ Google Map<\/a>\t\t\t\t\t\t\t<\/address>\n\t\t\n\t\t\n\t\t\t\t\t<span class=\"tribe-block__venue__website\"><a href=\"http:\/\/@andaimeteatro\" target=\"_self\" rel=\"external\">Ver site do Local<\/a><\/span><br \/>\n\t\t\t\n\t<\/div>\n\t\n<div class=\"tribe-block__venue__map\">\n\t\n<iframe\n  title=\"Google maps iframe displaying the address to Ponto de Cultura Garapa\"\n  aria-label=\"Mapa de localiza\u00e7\u00e3o do local\"\n  width=\"310px\"\n  height=\"256px\"\n  frameborder=\"0\" style=\"border:0\"\n  data-src=\"https:\/\/www.google.com\/maps\/embed\/v1\/place?key=AIzaSyDNsicAsP6-VuGtAb1O9riI3oc_NOb7IOU&#038;q=Dom+Pedro+II%2C+1313+-+Centro+Piracicaba+SP+Brasil+&#038;zoom=10\" allowfullscreen src=\"data:image\/svg+xml;base64,PHN2ZyB3aWR0aD0iMSIgaGVpZ2h0PSIxIiB4bWxucz0iaHR0cDovL3d3dy53My5vcmcvMjAwMC9zdmciPjwvc3ZnPg==\" class=\"lazyload\" data-load-mode=\"1\">\n<\/iframe>\n<\/div>\n\n\t<\/div>\n\n\n\n\n\t<div  class=\"tribe-block tribe-block__events-link\" >\n\t\t<div class=\"tribe-events tribe-common\">\n\t\t\t<div class=\"tribe-events-c-subscribe-dropdown__container\">\n\t\t\t\t<div class=\"tribe-events-c-subscribe-dropdown\">\n\t\t\t\t\t<div class=\"tribe-common-c-btn-border tribe-events-c-subscribe-dropdown__button\">\n\t\t\t\t\t\t<svg\n\t class=\"tribe-common-c-svgicon tribe-common-c-svgicon--cal-export tribe-events-c-subscribe-dropdown__export-icon\" \taria-hidden=\"true\"\n\tviewBox=\"0 0 23 17\"\n\txmlns=\"http:\/\/www.w3.org\/2000\/svg\"\n>\n\t<path fill-rule=\"evenodd\" clip-rule=\"evenodd\" d=\"M.128.896V16.13c0 .211.145.383.323.383h15.354c.179 0 .323-.172.323-.383V.896c0-.212-.144-.383-.323-.383H.451C.273.513.128.684.128.896Zm16 6.742h-.901V4.679H1.009v10.729h14.218v-3.336h.901V7.638ZM1.01 1.614h14.218v2.058H1.009V1.614Z\" \/>\n\t<path d=\"M20.5 9.846H8.312M18.524 6.953l2.89 2.909-2.855 2.855\" stroke-width=\"1.2\" stroke-linecap=\"round\" stroke-linejoin=\"round\"\/>\n<\/svg>\n\t\t\t\t\t\t<button\n\t\t\t\t\t\t\tclass=\"tribe-events-c-subscribe-dropdown__button-text\"\n\t\t\t\t\t\t\taria-expanded=\"false\"\n\t\t\t\t\t\t\taria-controls=\"tribe-events-subscribe-dropdown-content\"\n\t\t\t\t\t\t\taria-label=\"View links to add events to your calendar\"\n\t\t\t\t\t\t>\n\t\t\t\t\t\t\tAdicionar ao calend\u00e1rio\t\t\t\t\t\t<\/button>\n\t\t\t\t\t\t<svg\n\t class=\"tribe-common-c-svgicon tribe-common-c-svgicon--caret-down tribe-events-c-subscribe-dropdown__button-icon\" \taria-hidden=\"true\"\n\tviewBox=\"0 0 10 7\"\n\txmlns=\"http:\/\/www.w3.org\/2000\/svg\"\n>\n\t<path fill-rule=\"evenodd\" clip-rule=\"evenodd\" d=\"M1.008.609L5 4.6 8.992.61l.958.958L5 6.517.05 1.566l.958-.958z\" class=\"tribe-common-c-svgicon__svg-fill\"\/>\n<\/svg>\n\t\t\t\t\t<\/div>\n\t\t\t\t\t<div id=\"tribe-events-subscribe-dropdown-content\" class=\"tribe-events-c-subscribe-dropdown__content\">\n\t\t\t\t\t\t<ul class=\"tribe-events-c-subscribe-dropdown__list\">\n\t\t\t\t\t\t\t\t\t\t\t\t\t\t\t<li class=\"tribe-events-c-subscribe-dropdown__list-item tribe-events-c-subscribe-dropdown__list-item--gcal\">\n\t\t\t\t\t\t\t\t\t<a\n\t\t\t\t\t\t\t\t\t\thref=\"https:\/\/www.google.com\/calendar\/event?action=TEMPLATE&#038;dates=20230419T190000\/20230419T190000&#038;text=Oficina%20de%20Palha%C3%A7o&#038;details=%3Cp%3EO+Circo+Navegador%2C+em+comemora%C3%A7%C3%A3o+aos+seus+25+anos+de+vida%2C+est%C3%A1+oferecendo+oficina+de+palha%C3%A7aria+com+Luciano+Draetta.+Na+oficina+%E2%80%9CO+Riso%E2%80%9D%2C+vamos+compartilhar+t%C3%A9cnicas+de+consci%C3%AAncia+corporal%2C+jogos+de+palha%C3%A7o+e+gestualidade+para+picadeiro.%3C%2Fp%3E+%3Cp%3ELuciano+Draetta+%C3%A9+Palha%C3%A7o+e+Mestre+da+Cultura+Popular%2C+reconhecido+em+2017%2C+pelo+Pr%C3%AAmio+Leandro+Gomes+de+Barros+do+programa+Culturas+Populares+do+MINC.+Atua+profissionalmente+desde+1992+e+tem+uma+forma%C3%A7%C3%A3o+art%C3%ADstica+diversificada+que+vai+do+circo+ao+teatro%2C+passando+pela+m%C3%BAsica+e+dan%C3%A7a%2C+entre+outras+habilidades+art%C3%ADsticas.%3C%2Fp%3E+%3Cp%3EA+oficina+%C3%A9+GRATUITA+e+as+participantes+ser%C3%A3o+selecionadas+exclusivamente+por+meio+deste+formul%C3%A1rio.%26nbsp%3B%26nbsp%3B%3C%2Fp%3E+%3Cp%3EDia+19%2F04+%C3%A0s+19h%3C%2Fp%3E+%3Cp%3EP%C3%BAblico+Alvo%3A+Palha%C3%A7os%2C+circenses%2C+atores+e+outros+artistas+que+j%C3%A1+tenham+passado+por+processos+de+inicia%C3%A7%C3%A3o+art%C3%ADstica%2C+com+idade+superior+a+14+anos.%C2%A0%C2%A0%3C%2Fp%3E+%3Cp%3E%3Cstrong%3ELista+de+selecionados+na+oficina+de+Palha%C3%A7o+%E2%80%9C%3C%2Fstrong%3E%3C%2Fp%3E+%28Veja+a+descri%C3%A7%C3%A3o+completa+de+evento+aqui%3A+https%3A%2F%2Fcirconavegador.com.br%2F%3Ftribe_events%3Doficina-de-palhaco%29&#038;location=Ponto%20de%20Cultura%20Garapa,%20Dom%20Pedro%20II,%201313%20-%20Centro,%20Piracicaba,%20SP,%20Brasil&#038;trp=false&#038;ctz=America\/Sao_Paulo&#038;sprop=website:https:\/\/circonavegador.com.br\"\n\t\t\t\t\t\t\t\t\t\tclass=\"tribe-events-c-subscribe-dropdown__list-item-link\"\n\t\t\t\t\t\t\t\t\t\ttarget=\"_blank\"\n\t\t\t\t\t\t\t\t\t\trel=\"noopener noreferrer nofollow noindex\"\n\t\t\t\t\t\t\t\t\t>\n\t\t\t\t\t\t\t\t\t\tGoogle Agenda\t\t\t\t\t\t\t\t\t<\/a>\n\t\t\t\t\t\t\t\t<\/li>\n\t\t\t\t\t\t\t\t\t\t\t\t\t\t\t<li class=\"tribe-events-c-subscribe-dropdown__list-item tribe-events-c-subscribe-dropdown__list-item--ical\">\n\t\t\t\t\t\t\t\t\t<a\n\t\t\t\t\t\t\t\t\t\thref=\"\"\n\t\t\t\t\t\t\t\t\t\tclass=\"tribe-events-c-subscribe-dropdown__list-item-link\"\n\t\t\t\t\t\t\t\t\t\ttarget=\"_blank\"\n\t\t\t\t\t\t\t\t\t\trel=\"noopener noreferrer nofollow noindex\"\n\t\t\t\t\t\t\t\t\t>\n\t\t\t\t\t\t\t\t\t\tiCalendar\t\t\t\t\t\t\t\t\t<\/a>\n\t\t\t\t\t\t\t\t<\/li>\n\t\t\t\t\t\t\t\t\t\t\t\t\t\t\t<li class=\"tribe-events-c-subscribe-dropdown__list-item tribe-events-c-subscribe-dropdown__list-item--outlook-365\">\n\t\t\t\t\t\t\t\t\t<a\n\t\t\t\t\t\t\t\t\t\thref=\"\"\n\t\t\t\t\t\t\t\t\t\tclass=\"tribe-events-c-subscribe-dropdown__list-item-link\"\n\t\t\t\t\t\t\t\t\t\ttarget=\"_blank\"\n\t\t\t\t\t\t\t\t\t\trel=\"noopener noreferrer nofollow noindex\"\n\t\t\t\t\t\t\t\t\t>\n\t\t\t\t\t\t\t\t\t\tOutlook 365\t\t\t\t\t\t\t\t\t<\/a>\n\t\t\t\t\t\t\t\t<\/li>\n\t\t\t\t\t\t\t\t\t\t\t\t\t\t\t<li class=\"tribe-events-c-subscribe-dropdown__list-item tribe-events-c-subscribe-dropdown__list-item--outlook-live\">\n\t\t\t\t\t\t\t\t\t<a\n\t\t\t\t\t\t\t\t\t\thref=\"\"\n\t\t\t\t\t\t\t\t\t\tclass=\"tribe-events-c-subscribe-dropdown__list-item-link\"\n\t\t\t\t\t\t\t\t\t\ttarget=\"_blank\"\n\t\t\t\t\t\t\t\t\t\trel=\"noopener noreferrer nofollow noindex\"\n\t\t\t\t\t\t\t\t\t>\n\t\t\t\t\t\t\t\t\t\tOutlook Live\t\t\t\t\t\t\t\t\t<\/a>\n\t\t\t\t\t\t\t\t<\/li>\n\t\t\t\t\t\t\t\t\t\t\t\t\t<\/ul>\n\t\t\t\t\t<\/div>\n\t\t\t\t<\/div>\n\t\t\t<\/div>\n\t\t<\/div>\n\t<\/div>\n\n","protected":false},"excerpt":{"rendered":"<p>O Circo Navegador, em comemora\u00e7\u00e3o aos seus 25 anos de vida, est\u00e1 oferecendo oficina de palha\u00e7aria com Luciano Draetta. Na oficina \u201cO Riso\u201d, vamos compartilhar t\u00e9cnicas de consci\u00eancia corporal, jogos de palha\u00e7o e gestualidade para picadeiro. Luciano Draetta \u00e9 Palha\u00e7o e Mestre da Cultura Popular, reconhecido em 2017, pelo Pr\u00eamio Leandro Gomes de Barros do programa Culturas Populares do MINC. Atua profissionalmente desde 1992 e tem uma forma\u00e7\u00e3o art\u00edstica diversificada que vai do circo ao teatro, passando pela m\u00fasica e dan\u00e7a, entre outras habilidades art\u00edsticas. A oficina \u00e9 GRATUITA e as participantes ser\u00e3o selecionadas exclusivamente por meio deste formul\u00e1rio.&nbsp;&nbsp; Dia 19\/04 \u00e0s 19h P\u00fablico Alvo: Palha\u00e7os, circenses, atores e outros artistas que j\u00e1 tenham passado por processos de inicia\u00e7\u00e3o art\u00edstica, com idade superior a 14 anos.\u00a0\u00a0 Lista de selecionados na oficina de Palha\u00e7o \u201cO Riso&#8221; Recebemos um grande n\u00famero de inscri\u00e7\u00f5es e foi necess\u00e1rio fazer a sele\u00e7\u00e3o dos participantes.Gostar\u00edamos que soubessem que todes s\u00e3o muito bem vindes em nossas a\u00e7\u00f5es.Confira se o seu nome est\u00e1 na lista e compare\u00e7a no dia e local da oficina. Local: Local:\u00a0 Ponto Cultura GarapaEndere\u00e7o: R. Dom Pedro II, 1313 &#8211; Centro, Piracicaba &#8211; SP, 13400-390 Data: 19\/04 (quarta-feira)Hor\u00e1rio: 19 \u00e0s 21 horas (cheguem com 15 minutos de anteced\u00eancia) \u00c9 recomend\u00e1vel: o uso de roupas flex\u00edveis, trazer garrafinha de \u00e1gua Lista de participantes selecionados: Ana Roston Cris Matsuoka Danilo Donna Deborah Gomes D\u00e9ia Camargo Felipe James Guilherme Domingues Gyovanna Feitosa Katia Cristina Cagliari Maed\u00ea Fernandez Marcelo Torresan Paulo Henrique Antonio Phillipe Ramos Rafaela Correa Raul Marin Renata Ortolani Victor Moreira Vitor Vitti Viviane Souza Zero Berto Solange Prado Castel<\/p>\n","protected":false},"author":1,"featured_media":2552,"template":"","meta":{"_eb_attr":"","_EventAllDay":false,"_EventTimezone":"America\/Sao_Paulo","_EventStartDate":"2023-04-19 19:00:00","_EventEndDate":"2023-04-19 19:00:00","_EventStartDateUTC":"2023-04-19 22:00:00","_EventEndDateUTC":"2023-04-19 22:00:00","_EventShowMap":true,"_EventShowMapLink":true,"_EventURL":"","_EventCost":"","_EventCostDescription":"","_EventCurrencySymbol":"$","_EventCurrencyCode":"USD","_EventCurrencyPosition":"prefix","_EventDateTimeSeparator":" @ ","_EventTimeRangeSeparator":" - ","_EventOrganizerID":[],"_EventVenueID":[2627],"_OrganizerEmail":"","_OrganizerPhone":"","_OrganizerWebsite":"","_VenueAddress":"","_VenueCity":"","_VenueCountry":"","_VenueProvince":"","_VenueState":"","_VenueZip":"","_VenuePhone":"","_VenueURL":"","_VenueStateProvince":"","_VenueLat":"","_VenueLng":"","_VenueShowMap":false,"_VenueShowMapLink":false,"ocean_post_layout":"","ocean_both_sidebars_style":"","ocean_both_sidebars_content_width":0,"ocean_both_sidebars_sidebars_width":0,"ocean_sidebar":"","ocean_second_sidebar":"","ocean_disable_margins":"enable","ocean_add_body_class":"","ocean_shortcode_before_top_bar":"","ocean_shortcode_after_top_bar":"","ocean_shortcode_before_header":"","ocean_shortcode_after_header":"","ocean_has_shortcode":"","ocean_shortcode_after_title":"","ocean_shortcode_before_footer_widgets":"","ocean_shortcode_after_footer_widgets":"","ocean_shortcode_before_footer_bottom":"","ocean_shortcode_after_footer_bottom":"","ocean_display_top_bar":"default","ocean_display_header":"default","ocean_header_style":"","ocean_center_header_left_menu":"","ocean_custom_header_template":"","ocean_custom_logo":0,"ocean_custom_retina_logo":0,"ocean_custom_logo_max_width":0,"ocean_custom_logo_tablet_max_width":0,"ocean_custom_logo_mobile_max_width":0,"ocean_custom_logo_max_height":0,"ocean_custom_logo_tablet_max_height":0,"ocean_custom_logo_mobile_max_height":0,"ocean_header_custom_menu":"","ocean_menu_typo_font_family":"","ocean_menu_typo_font_subset":"","ocean_menu_typo_font_size":0,"ocean_menu_typo_font_size_tablet":0,"ocean_menu_typo_font_size_mobile":0,"ocean_menu_typo_font_size_unit":"px","ocean_menu_typo_font_weight":"","ocean_menu_typo_font_weight_tablet":"","ocean_menu_typo_font_weight_mobile":"","ocean_menu_typo_transform":"","ocean_menu_typo_transform_tablet":"","ocean_menu_typo_transform_mobile":"","ocean_menu_typo_line_height":0,"ocean_menu_typo_line_height_tablet":0,"ocean_menu_typo_line_height_mobile":0,"ocean_menu_typo_line_height_unit":"","ocean_menu_typo_spacing":0,"ocean_menu_typo_spacing_tablet":0,"ocean_menu_typo_spacing_mobile":0,"ocean_menu_typo_spacing_unit":"","ocean_menu_link_color":"","ocean_menu_link_color_hover":"","ocean_menu_link_color_active":"","ocean_menu_link_background":"","ocean_menu_link_hover_background":"","ocean_menu_link_active_background":"","ocean_menu_social_links_bg":"","ocean_menu_social_hover_links_bg":"","ocean_menu_social_links_color":"","ocean_menu_social_hover_links_color":"","ocean_disable_title":"default","ocean_disable_heading":"default","ocean_post_title":"","ocean_post_subheading":"","ocean_post_title_style":"","ocean_post_title_background_color":"","ocean_post_title_background":0,"ocean_post_title_bg_image_position":"","ocean_post_title_bg_image_attachment":"","ocean_post_title_bg_image_repeat":"","ocean_post_title_bg_image_size":"","ocean_post_title_height":0,"ocean_post_title_bg_overlay":0.5,"ocean_post_title_bg_overlay_color":"","ocean_disable_breadcrumbs":"default","ocean_breadcrumbs_color":"","ocean_breadcrumbs_separator_color":"","ocean_breadcrumbs_links_color":"","ocean_breadcrumbs_links_hover_color":"","ocean_display_footer_widgets":"default","ocean_display_footer_bottom":"default","ocean_custom_footer_template":"","_tribe_events_status":"","_tribe_events_status_reason":"","footnotes":""},"tags":[],"tribe_events_cat":[],"class_list":["post-2637","tribe_events","type-tribe_events","status-publish","has-post-thumbnail","hentry","entry","has-media"],"aioseo_notices":[],"_links":{"self":[{"href":"https:\/\/circonavegador.com.br\/index.php?rest_route=\/wp\/v2\/tribe_events\/2637","targetHints":{"allow":["GET"]}}],"collection":[{"href":"https:\/\/circonavegador.com.br\/index.php?rest_route=\/wp\/v2\/tribe_events"}],"about":[{"href":"https:\/\/circonavegador.com.br\/index.php?rest_route=\/wp\/v2\/types\/tribe_events"}],"author":[{"embeddable":true,"href":"https:\/\/circonavegador.com.br\/index.php?rest_route=\/wp\/v2\/users\/1"}],"version-history":[{"count":0,"href":"https:\/\/circonavegador.com.br\/index.php?rest_route=\/wp\/v2\/tribe_events\/2637\/revisions"}],"wp:featuredmedia":[{"embeddable":true,"href":"https:\/\/circonavegador.com.br\/index.php?rest_route=\/wp\/v2\/media\/2552"}],"wp:attachment":[{"href":"https:\/\/circonavegador.com.br\/index.php?rest_route=%2Fwp%2Fv2%2Fmedia&parent=2637"}],"wp:term":[{"taxonomy":"post_tag","embeddable":true,"href":"https:\/\/circonavegador.com.br\/index.php?rest_route=%2Fwp%2Fv2%2Ftags&post=2637"},{"taxonomy":"tribe_events_cat","embeddable":true,"href":"https:\/\/circonavegador.com.br\/index.php?rest_route=%2Fwp%2Fv2%2Ftribe_events_cat&post=2637"}],"curies":[{"name":"wp","href":"https:\/\/api.w.org\/{rel}","templated":true}]}}