{"id":839,"date":"2023-01-14T12:15:47","date_gmt":"2023-01-14T15:15:47","guid":{"rendered":"https:\/\/circo.saberesartesanais.com.br\/?page_id=839"},"modified":"2023-05-25T11:04:07","modified_gmt":"2023-05-25T14:04:07","slug":"equipe","status":"publish","type":"page","link":"https:\/\/circonavegador.com.br\/?page_id=839","title":{"rendered":"Equipe"},"content":{"rendered":"\t\t<div data-elementor-type=\"wp-page\" data-elementor-id=\"839\" class=\"elementor elementor-839\">\n\t\t\t\t\t\t<section class=\"elementor-section elementor-top-section elementor-element elementor-element-2fe4094 elementor-section-full_width elementor-section-stretched elementor-section-height-default elementor-section-height-default wpr-particle-no wpr-jarallax-no wpr-parallax-no wpr-sticky-section-no\" data-id=\"2fe4094\" data-element_type=\"section\" data-e-type=\"section\" data-settings=\"{&quot;stretch_section&quot;:&quot;section-stretched&quot;,&quot;background_background&quot;:&quot;classic&quot;}\">\n\t\t\t\t\t\t<div class=\"elementor-container elementor-column-gap-default\">\n\t\t\t\t\t<div class=\"elementor-column elementor-col-100 elementor-top-column elementor-element elementor-element-c895f4b\" data-id=\"c895f4b\" data-element_type=\"column\" data-e-type=\"column\">\n\t\t\t<div class=\"elementor-widget-wrap elementor-element-populated\">\n\t\t\t\t\t\t<div class=\"elementor-element elementor-element-ae833d5 elementor-widget elementor-widget-spacer\" data-id=\"ae833d5\" data-element_type=\"widget\" data-e-type=\"widget\" data-widget_type=\"spacer.default\">\n\t\t\t\t<div class=\"elementor-widget-container\">\n\t\t\t\t\t\t\t<div class=\"elementor-spacer\">\n\t\t\t<div class=\"elementor-spacer-inner\"><\/div>\n\t\t<\/div>\n\t\t\t\t\t\t<\/div>\n\t\t\t\t<\/div>\n\t\t\t\t<div class=\"elementor-element elementor-element-da2394a elementor-widget elementor-widget-spacer\" data-id=\"da2394a\" data-element_type=\"widget\" data-e-type=\"widget\" data-widget_type=\"spacer.default\">\n\t\t\t\t<div class=\"elementor-widget-container\">\n\t\t\t\t\t\t\t<div class=\"elementor-spacer\">\n\t\t\t<div class=\"elementor-spacer-inner\"><\/div>\n\t\t<\/div>\n\t\t\t\t\t\t<\/div>\n\t\t\t\t<\/div>\n\t\t\t\t\t<\/div>\n\t\t<\/div>\n\t\t\t\t\t<\/div>\n\t\t<\/section>\n\t\t\t\t<section class=\"elementor-section elementor-top-section elementor-element elementor-element-f6c7793 elementor-section-boxed elementor-section-height-default elementor-section-height-default wpr-particle-no wpr-jarallax-no wpr-parallax-no wpr-sticky-section-no\" data-id=\"f6c7793\" data-element_type=\"section\" data-e-type=\"section\" data-settings=\"{&quot;background_background&quot;:&quot;classic&quot;}\">\n\t\t\t\t\t\t<div class=\"elementor-container elementor-column-gap-default\">\n\t\t\t\t\t<div class=\"elementor-column elementor-col-100 elementor-top-column elementor-element elementor-element-b3d920d\" data-id=\"b3d920d\" data-element_type=\"column\" data-e-type=\"column\">\n\t\t\t<div class=\"elementor-widget-wrap elementor-element-populated\">\n\t\t\t\t\t\t<div class=\"elementor-element elementor-element-2909bf5 elementor-widget elementor-widget-spacer\" data-id=\"2909bf5\" data-element_type=\"widget\" data-e-type=\"widget\" data-widget_type=\"spacer.default\">\n\t\t\t\t<div class=\"elementor-widget-container\">\n\t\t\t\t\t\t\t<div class=\"elementor-spacer\">\n\t\t\t<div class=\"elementor-spacer-inner\"><\/div>\n\t\t<\/div>\n\t\t\t\t\t\t<\/div>\n\t\t\t\t<\/div>\n\t\t\t\t<div class=\"elementor-element elementor-element-b7c1dcb elementor-widget elementor-widget-heading\" data-id=\"b7c1dcb\" data-element_type=\"widget\" data-e-type=\"widget\" data-widget_type=\"heading.default\">\n\t\t\t\t<div class=\"elementor-widget-container\">\n\t\t\t\t\t<h1 class=\"elementor-heading-title elementor-size-default\">EQUIPE<\/h1>\t\t\t\t<\/div>\n\t\t\t\t<\/div>\n\t\t\t\t<div class=\"elementor-element elementor-element-72d4c63 elementor-widget elementor-widget-text-editor\" data-id=\"72d4c63\" data-element_type=\"widget\" data-e-type=\"widget\" data-widget_type=\"text-editor.default\">\n\t\t\t\t<div class=\"elementor-widget-container\">\n\t\t\t\t\t\t\t\t\t<p>Conhe\u00e7a os integrantes que comp\u00f5em a equipe do Circo Navegador<\/p>\t\t\t\t\t\t\t\t<\/div>\n\t\t\t\t<\/div>\n\t\t\t\t<div class=\"elementor-element elementor-element-3a480ec elementor-widget-divider--separator-type-pattern elementor-widget-divider--view-line elementor-widget elementor-widget-divider\" data-id=\"3a480ec\" data-element_type=\"widget\" data-e-type=\"widget\" data-widget_type=\"divider.default\">\n\t\t\t\t<div class=\"elementor-widget-container\">\n\t\t\t\t\t\t\t<div class=\"elementor-divider\" style=\"--divider-pattern-url: url(&quot;data:image\/svg+xml,%3Csvg xmlns=&#039;http:\/\/www.w3.org\/2000\/svg&#039; preserveAspectRatio=&#039;none&#039; overflow=&#039;visible&#039; height=&#039;100%&#039; viewBox=&#039;0 0 24 24&#039; fill=&#039;none&#039; stroke=&#039;black&#039; stroke-width=&#039;2.5&#039; stroke-linecap=&#039;square&#039; stroke-miterlimit=&#039;10&#039;%3E%3Cpath d=&#039;M0,21c3.3,0,8.3-0.9,15.7-7.1c6.6-5.4,4.4-9.3,2.4-10.3c-3.4-1.8-7.7,1.3-7.3,8.8C11.2,20,17.1,21,24,21&#039;\/%3E%3C\/svg%3E&quot;);\">\n\t\t\t<span class=\"elementor-divider-separator\">\n\t\t\t\t\t\t<\/span>\n\t\t<\/div>\n\t\t\t\t\t\t<\/div>\n\t\t\t\t<\/div>\n\t\t\t\t\t<\/div>\n\t\t<\/div>\n\t\t\t\t\t<\/div>\n\t\t<\/section>\n\t\t\t\t<section class=\"elementor-section elementor-top-section elementor-element elementor-element-3c7ac0e elementor-section-boxed elementor-section-height-default elementor-section-height-default wpr-particle-no wpr-jarallax-no wpr-parallax-no wpr-sticky-section-no\" data-id=\"3c7ac0e\" data-element_type=\"section\" data-e-type=\"section\">\n\t\t\t\t\t\t<div class=\"elementor-container elementor-column-gap-default\">\n\t\t\t\t\t<div class=\"elementor-column elementor-col-100 elementor-top-column elementor-element elementor-element-11cb6f3\" data-id=\"11cb6f3\" data-element_type=\"column\" data-e-type=\"column\">\n\t\t\t<div class=\"elementor-widget-wrap elementor-element-populated\">\n\t\t\t\t\t\t<div class=\"elementor-element elementor-element-da6d212 elementor-widget elementor-widget-spacer\" data-id=\"da6d212\" data-element_type=\"widget\" data-e-type=\"widget\" data-widget_type=\"spacer.default\">\n\t\t\t\t<div class=\"elementor-widget-container\">\n\t\t\t\t\t\t\t<div class=\"elementor-spacer\">\n\t\t\t<div class=\"elementor-spacer-inner\"><\/div>\n\t\t<\/div>\n\t\t\t\t\t\t<\/div>\n\t\t\t\t<\/div>\n\t\t\t\t\t<\/div>\n\t\t<\/div>\n\t\t\t\t\t<\/div>\n\t\t<\/section>\n\t\t\t\t<section class=\"elementor-section elementor-top-section elementor-element elementor-element-2f9e09c elementor-section-full_width elementor-section-height-default elementor-section-height-default wpr-particle-no wpr-jarallax-no wpr-parallax-no wpr-sticky-section-no\" data-id=\"2f9e09c\" data-element_type=\"section\" data-e-type=\"section\">\n\t\t\t\t\t\t<div class=\"elementor-container elementor-column-gap-default\">\n\t\t\t\t\t<div class=\"elementor-column elementor-col-33 elementor-top-column elementor-element elementor-element-1daa59f\" data-id=\"1daa59f\" data-element_type=\"column\" data-e-type=\"column\">\n\t\t\t<div class=\"elementor-widget-wrap\">\n\t\t\t\t\t\t\t<\/div>\n\t\t<\/div>\n\t\t\t\t<div class=\"elementor-column elementor-col-33 elementor-top-column elementor-element elementor-element-5ceb6a8\" data-id=\"5ceb6a8\" data-element_type=\"column\" data-e-type=\"column\">\n\t\t\t<div class=\"elementor-widget-wrap elementor-element-populated\">\n\t\t\t\t\t\t<div class=\"elementor-element elementor-element-b055d09 elementor-widget elementor-widget-heading\" data-id=\"b055d09\" data-element_type=\"widget\" data-e-type=\"widget\" data-widget_type=\"heading.default\">\n\t\t\t\t<div class=\"elementor-widget-container\">\n\t\t\t\t\t<h2 class=\"elementor-heading-title elementor-size-default\">Uma salva de palmas para nossa equipe atual:<\/h2>\t\t\t\t<\/div>\n\t\t\t\t<\/div>\n\t\t\t\t<div class=\"elementor-element elementor-element-e39529f elementor-widget elementor-widget-spacer\" data-id=\"e39529f\" data-element_type=\"widget\" data-e-type=\"widget\" data-widget_type=\"spacer.default\">\n\t\t\t\t<div class=\"elementor-widget-container\">\n\t\t\t\t\t\t\t<div class=\"elementor-spacer\">\n\t\t\t<div class=\"elementor-spacer-inner\"><\/div>\n\t\t<\/div>\n\t\t\t\t\t\t<\/div>\n\t\t\t\t<\/div>\n\t\t\t\t\t<\/div>\n\t\t<\/div>\n\t\t\t\t<div class=\"elementor-column elementor-col-33 elementor-top-column elementor-element elementor-element-e62bd3f\" data-id=\"e62bd3f\" data-element_type=\"column\" data-e-type=\"column\">\n\t\t\t<div class=\"elementor-widget-wrap\">\n\t\t\t\t\t\t\t<\/div>\n\t\t<\/div>\n\t\t\t\t\t<\/div>\n\t\t<\/section>\n\t\t\t\t<section class=\"elementor-section elementor-top-section elementor-element elementor-element-5a3b90a elementor-section-boxed elementor-section-height-default elementor-section-height-default wpr-particle-no wpr-jarallax-no wpr-parallax-no wpr-sticky-section-no\" data-id=\"5a3b90a\" data-element_type=\"section\" data-e-type=\"section\">\n\t\t\t\t\t\t<div class=\"elementor-container elementor-column-gap-default\">\n\t\t\t\t\t<div class=\"elementor-column elementor-col-33 elementor-top-column elementor-element elementor-element-aa19156\" data-id=\"aa19156\" data-element_type=\"column\" data-e-type=\"column\">\n\t\t\t<div class=\"elementor-widget-wrap\">\n\t\t\t\t\t\t\t<\/div>\n\t\t<\/div>\n\t\t\t\t<div class=\"elementor-column elementor-col-33 elementor-top-column elementor-element elementor-element-2d9e6e1\" data-id=\"2d9e6e1\" data-element_type=\"column\" data-e-type=\"column\">\n\t\t\t<div class=\"elementor-widget-wrap elementor-element-populated\">\n\t\t\t\t\t\t<div class=\"elementor-element elementor-element-044537b elementor-widget elementor-widget-spacer\" data-id=\"044537b\" data-element_type=\"widget\" data-e-type=\"widget\" data-widget_type=\"spacer.default\">\n\t\t\t\t<div class=\"elementor-widget-container\">\n\t\t\t\t\t\t\t<div class=\"elementor-spacer\">\n\t\t\t<div class=\"elementor-spacer-inner\"><\/div>\n\t\t<\/div>\n\t\t\t\t\t\t<\/div>\n\t\t\t\t<\/div>\n\t\t\t\t\t<\/div>\n\t\t<\/div>\n\t\t\t\t<div class=\"elementor-column elementor-col-33 elementor-top-column elementor-element elementor-element-ba272ce\" data-id=\"ba272ce\" data-element_type=\"column\" data-e-type=\"column\">\n\t\t\t<div class=\"elementor-widget-wrap\">\n\t\t\t\t\t\t\t<\/div>\n\t\t<\/div>\n\t\t\t\t\t<\/div>\n\t\t<\/section>\n\t\t\t\t<section class=\"elementor-section elementor-top-section elementor-element elementor-element-615b98e elementor-section-boxed elementor-section-height-default elementor-section-height-default wpr-particle-no wpr-jarallax-no wpr-parallax-no wpr-sticky-section-no\" data-id=\"615b98e\" data-element_type=\"section\" data-e-type=\"section\">\n\t\t\t\t\t\t<div class=\"elementor-container elementor-column-gap-default\">\n\t\t\t\t\t<div class=\"elementor-column elementor-col-33 elementor-top-column elementor-element elementor-element-0fa84a3\" data-id=\"0fa84a3\" data-element_type=\"column\" data-e-type=\"column\">\n\t\t\t<div class=\"elementor-widget-wrap\">\n\t\t\t\t\t\t\t<\/div>\n\t\t<\/div>\n\t\t\t\t<div class=\"elementor-column elementor-col-33 elementor-top-column elementor-element elementor-element-35f5321\" data-id=\"35f5321\" data-element_type=\"column\" data-e-type=\"column\">\n\t\t\t<div class=\"elementor-widget-wrap elementor-element-populated\">\n\t\t\t\t\t\t<div class=\"elementor-element elementor-element-42c95cc elementor-widget elementor-widget-spacer\" data-id=\"42c95cc\" data-element_type=\"widget\" data-e-type=\"widget\" data-widget_type=\"spacer.default\">\n\t\t\t\t<div class=\"elementor-widget-container\">\n\t\t\t\t\t\t\t<div class=\"elementor-spacer\">\n\t\t\t<div class=\"elementor-spacer-inner\"><\/div>\n\t\t<\/div>\n\t\t\t\t\t\t<\/div>\n\t\t\t\t<\/div>\n\t\t\t\t<div class=\"elementor-element elementor-element-25899e5 elementor-widget elementor-widget-eael-adv-tabs\" data-id=\"25899e5\" data-element_type=\"widget\" data-e-type=\"widget\" data-widget_type=\"eael-adv-tabs.default\">\n\t\t\t\t<div class=\"elementor-widget-container\">\n\t\t\t\t\t        <div data-scroll-on-click=\"no\" data-scroll-speed=\"300\" id=\"eael-advance-tabs-25899e5\" class=\"eael-advance-tabs eael-tabs-horizontal eael-tab-auto-active \" data-tabid=\"25899e5\">\n            <div class=\"eael-tabs-nav \">\n                <ul class=\"eael-tab-top-icon\" role=\"tablist\">\n                                            <li id=\"ale\" class=\"inactive eael-tab-item-trigger eael-tab-nav-item\" aria-selected=\"true\" data-tab=\"1\" role=\"tab\" tabindex=\"0\" aria-controls=\"ale-tab\" aria-expanded=\"false\">\n                            \n                                                                <img decoding=\"async\" data-src=\"https:\/\/circo.saberesartesanais.com.br\/wp-content\/uploads\/2023\/01\/alexandre_goncalves_circo_navegador-e1674244467472.jpeg\" alt=\"\" src=\"data:image\/svg+xml;base64,PHN2ZyB3aWR0aD0iMSIgaGVpZ2h0PSIxIiB4bWxucz0iaHR0cDovL3d3dy53My5vcmcvMjAwMC9zdmciPjwvc3ZnPg==\" class=\"lazyload\">\n                                                            \n                            \n                                                            <span class=\"eael-tab-title title-after-icon\" >ALE<\/span>                                                    <\/li>\n                                            <li id=\"alejo\" class=\"inactive eael-tab-item-trigger eael-tab-nav-item\" aria-selected=\"false\" data-tab=\"2\" role=\"tab\" tabindex=\"-1\" aria-controls=\"alejo-tab\" aria-expanded=\"false\">\n                            \n                                                                <img decoding=\"async\" data-src=\"https:\/\/circonavegador.com.br\/wp-content\/uploads\/2023\/05\/alejo_linares_circo_navegador-e1685022951520.jpg\" alt=\"\" src=\"data:image\/svg+xml;base64,PHN2ZyB3aWR0aD0iMSIgaGVpZ2h0PSIxIiB4bWxucz0iaHR0cDovL3d3dy53My5vcmcvMjAwMC9zdmciPjwvc3ZnPg==\" class=\"lazyload\" style=\"--smush-placeholder-width: 1080px; --smush-placeholder-aspect-ratio: 1080\/1080;\">\n                                                            \n                            \n                                                            <span class=\"eael-tab-title title-after-icon\" >ALEJO<\/span>                                                    <\/li>\n                                            <li id=\"andreia\" class=\"inactive eael-tab-item-trigger eael-tab-nav-item\" aria-selected=\"false\" data-tab=\"3\" role=\"tab\" tabindex=\"-1\" aria-controls=\"andreia-tab\" aria-expanded=\"false\">\n                            \n                                                                <img decoding=\"async\" data-src=\"https:\/\/circonavegador.com.br\/wp-content\/uploads\/2023\/05\/andreia_de_almeida_circo_navegador.jpeg\" alt=\"\" src=\"data:image\/svg+xml;base64,PHN2ZyB3aWR0aD0iMSIgaGVpZ2h0PSIxIiB4bWxucz0iaHR0cDovL3d3dy53My5vcmcvMjAwMC9zdmciPjwvc3ZnPg==\" class=\"lazyload\" style=\"--smush-placeholder-width: 853px; --smush-placeholder-aspect-ratio: 853\/853;\">\n                                                            \n                            \n                                                            <span class=\"eael-tab-title title-after-icon\" >ANDREIA<\/span>                                                    <\/li>\n                                            <li id=\"isabel\" class=\"inactive eael-tab-item-trigger eael-tab-nav-item\" aria-selected=\"false\" data-tab=\"4\" role=\"tab\" tabindex=\"-1\" aria-controls=\"isabel-tab\" aria-expanded=\"false\">\n                            \n                                                                <img decoding=\"async\" data-src=\"https:\/\/circonavegador.com.br\/wp-content\/uploads\/2023\/05\/isabel_galvanesi_circo_navegador_reduzida.jpg\" alt=\"\" src=\"data:image\/svg+xml;base64,PHN2ZyB3aWR0aD0iMSIgaGVpZ2h0PSIxIiB4bWxucz0iaHR0cDovL3d3dy53My5vcmcvMjAwMC9zdmciPjwvc3ZnPg==\" class=\"lazyload\" style=\"--smush-placeholder-width: 384px; --smush-placeholder-aspect-ratio: 384\/384;\">\n                                                            \n                            \n                                                            <span class=\"eael-tab-title title-after-icon\" >ISABEL<\/span>                                                    <\/li>\n                                            <li id=\"leonardo\" class=\"inactive eael-tab-item-trigger eael-tab-nav-item\" aria-selected=\"false\" data-tab=\"5\" role=\"tab\" tabindex=\"-1\" aria-controls=\"leonardo-tab\" aria-expanded=\"false\">\n                            \n                                                                <img decoding=\"async\" data-src=\"https:\/\/circonavegador.com.br\/wp-content\/uploads\/2023\/05\/leonardo_garcia_circo_navegador_reduzida.jpg\" alt=\"\" src=\"data:image\/svg+xml;base64,PHN2ZyB3aWR0aD0iMSIgaGVpZ2h0PSIxIiB4bWxucz0iaHR0cDovL3d3dy53My5vcmcvMjAwMC9zdmciPjwvc3ZnPg==\" class=\"lazyload\" style=\"--smush-placeholder-width: 288px; --smush-placeholder-aspect-ratio: 288\/288;\">\n                                                            \n                            \n                                                            <span class=\"eael-tab-title title-after-icon\" >LEONARDO<\/span>                                                    <\/li>\n                                            <li id=\"luciano\" class=\"inactive eael-tab-item-trigger eael-tab-nav-item\" aria-selected=\"false\" data-tab=\"6\" role=\"tab\" tabindex=\"-1\" aria-controls=\"luciano-tab\" aria-expanded=\"false\">\n                            \n                                                                <img decoding=\"async\" data-src=\"https:\/\/circonavegador.com.br\/wp-content\/uploads\/2023\/05\/luciano_draetta_circo_navegador2.jpg\" alt=\"\" src=\"data:image\/svg+xml;base64,PHN2ZyB3aWR0aD0iMSIgaGVpZ2h0PSIxIiB4bWxucz0iaHR0cDovL3d3dy53My5vcmcvMjAwMC9zdmciPjwvc3ZnPg==\" class=\"lazyload\" style=\"--smush-placeholder-width: 1365px; --smush-placeholder-aspect-ratio: 1365\/1365;\">\n                                                            \n                            \n                                                            <span class=\"eael-tab-title title-after-icon\" >LUCIANO<\/span>                                                    <\/li>\n                    \n                                  <\/ul>\n            <\/div>\n            \n            <div class=\"eael-tabs-content\">\n\t\t        \n                    <div id=\"ale-tab\" class=\"clearfix eael-tab-content-item inactive\" data-title-link=\"ale-tab\">\n\t\t\t\t        <p><strong>ALE GONCA<\/strong><\/p><p><strong>Roteirista e Editor de V\u00eddeo<\/strong><\/p><p>Roteirista e criador de hist\u00f3rias. Integrou por 10 anos um coletivo de Artes da periferia da cidade de S\u00e3o Paulo, onde foi co-criador de 7 pe\u00e7as de teatro e festivais de arte. Neste mesmo per\u00edodo foi militante de um movimento social e fot\u00f3grafo.<\/p><p>Trabalhou como produtor e animador stop-motion em curtas e s\u00e9rie em anima\u00e7\u00e3o.<\/p><p>Atualmente \u00e9 criador e roteirista de uma s\u00e9rie infantil, em desenvolvimento com t\u00e9cnica stop-motion e 2D.<\/p><p>Neste caminho percorrido at\u00e9 aqui, teve a oportunidade, e, ao mesmo tempo, necessidade, de trabalhar em diversas \u00e1reas, desde trabalhos f\u00edsicos, na agricultura e constru\u00e7\u00e3o civil, \u00e0 educa\u00e7\u00e3o, cultura e arte, passando pela milit\u00e2ncia social. Todas estas \u00e1reas fazem parte da sua forma\u00e7\u00e3o. \u00c9 a partir deste caminho que pensa e constr\u00f3i hist\u00f3rias, narrativas e trabalho coletivo.<\/p><p><a href=\"https:\/\/www.instagram.com\/alexandresgonca\/\">Para saber mais.<\/a><\/p>                    <\/div>\n\t\t        \n                    <div id=\"alejo-tab\" class=\"clearfix eael-tab-content-item inactive\" data-title-link=\"alejo-tab\">\n\t\t\t\t        <div><strong>ALEJO LINARES<\/strong><\/div><div>\u00a0<\/div><div><strong>Assistente de produ\u00e7\u00e3o<\/strong><\/div><div>\u00a0<\/div><div>\u00c9 um artista argentino radicado no Brasil desde 1992 e desenvolveu sua atividade formativa em Buenos Aires \u2013 Argentina, entre 1976 e 1978 na Escuela de Teatro do Diretor Francisco Javier e na Escuela Argentina de Mimo entre 1978 e 1981. De 1981 a 1983 estudou na ETI &#8211; Est\u00fadio de Teatro Integral, formando-se como professor, ator e diretor.\u00a0<\/div><div>\u00a0<\/div><div>Em 2004 aperfei\u00e7oou-se em m\u00e1scaras na UFMG Belo Horizonte e teatro de rua e clown em Caraguatatuba. Em 2009 cursou o Conservat\u00f3rio Superior de M\u00fasica \u201cLuis Gianneo\u201d em Cruz de Eje \u2013 C\u00f3rdoba \u2013 Argentina.\u00a0<\/div><div>\u00a0<\/div><div>Atuou como ator em espet\u00e1culos no Teatro de La Piedad e no Teatro Del Centro em Buenos Aires, entre 1979 e 1983, em paralelo atuou como m\u00edmico do elenco est\u00e1vel da Companhia Argentina de Mimo entre 1980 e 1983.\u00a0<\/div><div>\u00a0<\/div><div>No Brasil desenvolveu trabalho e oficinas de m\u00edmica, nas cidades de Belo Horizonte-MG e Lages-SC entre 1984 e 1986.\u00a0<\/div><div>\u00a0<\/div><div>Participou da cria\u00e7\u00e3o Escuela de Teatro Comunit\u00e1rio em Villa Huidobro na prov\u00edncia de C\u00f3rdoba \u2013 Argentina entre os anos de 1986 e 1990. Desde 2007 integra o Circo Navegador como palha\u00e7o, professor de m\u00edmica, preparador de elenco, assistente de dire\u00e7\u00e3o, cenot\u00e9cnico e produtor.\u00a0<\/div><div>\u00a0<\/div><div>Atua nos espet\u00e1culos \u201cCirquim do Serafim\u201d, \u201cBancicleta e os Palha\u00e7os Quase M\u00fasicos\u201d e \u201cOm Co T\u00f4? Quem Co S\u00f4? Prom Co V\u00f4?\u201d.<\/div><div>\u00a0<\/div><div><a href=\"https:\/\/www.facebook.com\/alejo.linares.39\">Para saber mais.<\/a><\/div>                    <\/div>\n\t\t        \n                    <div id=\"andreia-tab\" class=\"clearfix eael-tab-content-item inactive\" data-title-link=\"andreia-tab\">\n\t\t\t\t        <p><strong>ANDREIA DE ALMEIDA<\/strong><\/p><p><strong>Atriz<\/strong><\/p><p>Atriz, Pedagoga, Produtora Cultural e Diretora teatral.<\/p><p>Atua nas \u00e1reas de circo, dan\u00e7a e dramaturgia.<\/p><p>Aprofundou seus estudos e investiga\u00e7\u00f5es junto a escolas e grupos europeus ligados \u00e0 Antropologia Teatral como Odin Teatro e Compagnia per la Ricerca Teatrale di Pontedera na It\u00e1lia.<\/p><p>Formada em Artes C\u00eanicas na Funda\u00e7\u00e3o das Artes de S\u00e3o Caetano do Sul e Escola Livre de Teatro de Santo Andr\u00e9, concluiu os cursos em 1992. Foi aluna do Circo Escola Picadeiro.<\/p><p>Especializou\u2013se em Teatro de Rua e Antropologia Teatral na It\u00e1lia, no Teatro Tascabile di Bergamo sendo tamb\u00e9m convidada a atuar em seus espet\u00e1culos.<\/p><p>Seu trabalho tem forte influ\u00eancia dos mestres Maria Thais Lima Santos, Tiche Vianna, Cac\u00e1 Carvalho, Lu\u00eds Alberto de Abreu, Renzo Vescovo (diretor italiano de Teatro de Rua) e Jerzy Grotowski, dos quais recebeu ensinamentos diretamente.<\/p><p>Foi integrante do <em>ETRA\u00a0<\/em>&#8211; Equipe de Treinamento do Ator, grupo dirigido por Jean Pierre Kaletrianos e orientado por Luiz Oct\u00e1vio Burnier. Trabalhou no Gran Circo Norte Americano.<\/p><p>Colaborou na idealiza\u00e7\u00e3o, implanta\u00e7\u00e3o e manuten\u00e7\u00e3o de dezenas de projetos culturais e s\u00f3cio culturais como: Escola Livre de Dan\u00e7a de Santo Andr\u00e9 (2002 a 2004); Projeto de descentraliza\u00e7\u00e3o da dan\u00e7a da Prefeitura Municipal de Santo Andr\u00e9 (2001 a 2004); &#8220;Andrezinho Cidad\u00e3o&#8221; (visava o retorno de meninos de rua \u00e0s suas fam\u00edlias), do departamento de Assist\u00eancia Social da Prefeitura de Santo Andr\u00e9; Projeto Meninos e Meninas de Rua de S\u00e3o Bernardo do Campo; &#8220;Crian\u00e7a Cidad\u00e3 do Futuro&#8221; no Tiro de Guerra de Santo Andr\u00e9 ; &#8220;Centro Cultural Brasil Vivo&#8221; em Guarulhos (1996 a 1998).<\/p><p>Coordenou os grupos de teatro do extinto departamento &#8220;Cidade Futuro&#8221; da Prefeitura de Santo Andr\u00e9.<\/p><p>Produziu o CD livro Reencantando a Cidade (2004) \u2013 que registra 10 anos de trabalhos com o Teatro de Origem na regi\u00e3o do Grande ABC.<\/p><p>Ministra desde 1992 oficinas de Teatro, Dan\u00e7a, Dan\u00e7a Teatro, Circo, Composi\u00e7\u00e3o C\u00eanica, Treinamento do Ator para o Teatro de Rua em Oficinas Culturais e Casas de Cultura do Estado de S\u00e3o Paulo, Oficinas Culturais de S\u00e3o Bernardo do Campo, projetos educacionais de diversas prefeituras, SESC\u2019s e festivais nacionais e internacionais de teatro, circo e de dan\u00e7a.<\/p><p>Montagens que participou \u00a0como atriz: \u201cAlbatri\u201d e \u201cAlla Luna\u201d (dire\u00e7\u00e3o Renzo Vescovi do Teatro Tascabile di Bergamo); \u201cA Hist\u00f3ria de Layla e Majnum\u201d (dire\u00e7\u00e3o Jean Pierre Kaletrianos); \u201cA Tempestade\u201d (dire\u00e7\u00e3o Cida Almeida); &#8220;Tem Caf\u00e9 no Bule&#8221; e &#8220;Ac\u00e1cias&#8221; (dire\u00e7\u00e3o Jairo Matos); &#8220;Movido a Feij\u00e3o&#8221;, &#8220;O \u00d3 da Viagem&#8221; e &#8220;Antigo 1850&#8221; (dire\u00e7\u00e3o de Pedro Pires da Cia do Feij\u00e3o); &#8220;Quixotes&#8221;, no grupo Circo Navegador, dire\u00e7\u00e3o de Mario Bolognesi, \u201cAriano Suassuna o Cavaleiro Sertanejo\u201d e \u201cDom Quixote do Cavaleiro das Mil P\u00e1ginas\u201d ambos dire\u00e7\u00e3o Ribamar Ribeiro no Projeto EmCena Brasil em 2019 e 2020; entre outros.<\/p><p>Espet\u00e1culos que dirigiu: N\u00e3o Recomendado (2018), A lenda dos Ibejis (2012), \u201cRaps\u00f3dias de Escolas Hoje ou Oblomovismo\u201d (2013) e Muribeca (2014) com a Trupe Quixotesca; Reminisc\u00eancias (2010) Cia Teatro de Origem; SAF! De Quem \u00e9 a Culpa? (2009) Rede Cultural Beija Flor e CARF Brasil; De Romeu e Julieta Todo Mundo tem um Pouco (2008); Rel\u00edquias de Hist\u00f3rias (2005); O Pr\u00edncipe (1998) mon\u00f3logo com Carlos Lotto; \u00a0Anjos na Pra\u00e7a (1998 \u2013 aclamado como exemplo de teatro de rua pela cr\u00edtica argentina).<\/p><p>Foi integrante do Bloco de Percuss\u00e3o Il\u00fa Ob\u00e1 de Mim; do Manjarra, Grupo de Dan\u00e7as do Brasil, especializado no Cavalo Marinho (dan\u00e7arina e brincante como as figuras c\u00f4micas Catirina e Mateo); foi aluna de dan\u00e7a de Helena Bastos na EMIA Santo Andr\u00e9 de T\u00e9cnica Klaus Vianna; integrante do grupo de estudo sobre Dramaturgia do Corpo orientado por Lu\u00eds Alberto de Abreu e Lu\u00eds Ferron na Escola Livre de Dan\u00e7a, onde tamb\u00e9m frequentou o curso de Labam conduzido por Juliana Moraes. Praticante de Dan\u00e7a Cl\u00e1ssica Indiana, estilo Odissi, tendo como professora Andrea Prior; foi praticante de Kathakali, tendo tido Beppe Chiuricchetti como professor.<\/p><p>Em 2004, financiado pelo Fundo de Cultura da Cidade de Santo Andr\u00e9, produz o CD &#8220;Reencantando a Cidade&#8221; que registra 10 anos de oficinas que coordenou e espet\u00e1culos que dirigiu no grande ABC.<\/p><p>Em 2008 a convite da ONG WWF colaborou na pesquisa e produ\u00e7\u00e3o do document\u00e1rio \u201c<strong>The Madeira River: Life Before the Dams<\/strong>\u201d dirigido por David Reeks realizando performances com sua palha\u00e7a Dona Rosinha em comunidades ribeirinhas e aldeias ind\u00edgenas ao longo do rio Madeira na floresta Amaz\u00f4nica.<\/p><p>Trabalhou nos projetos \u201cFabricas de Cultura\u201d em 2009 como assistente de dire\u00e7\u00e3o e \u201cAdemar Guerra\u201d em 2010 como artista orientadora, ambos da Secretaria de Cultura do Governo do Estado de S\u00e3o Paulo.<\/p><p>\u00c9 orientadora art\u00edstica e curadora do \u201cQuixote Espa\u00e7o Comunit\u00e1rio\u201d; diretora da Trupe Quixotesca; atriz e componente do Circo Navegador.<\/p><p>Concluiu em 2020 a P\u00f3s-gradua\u00e7\u00e3o em Culturas Ind\u00edgenas e Quilombolas.<\/p><p>Experi\u00eancia em curadoria de projetos culturais; organiza\u00e7\u00e3o, media\u00e7\u00e3o e debates em festivais de circo, dan\u00e7a e teatro no Brasil e Europa.<\/p><p><a href=\"https:\/\/www.facebook.com\/andreia.almeida.188\">Para saber mais.<\/a><\/p>                    <\/div>\n\t\t        \n                    <div id=\"isabel-tab\" class=\"clearfix eael-tab-content-item inactive\" data-title-link=\"isabel-tab\">\n\t\t\t\t        <div><strong>ISABEL GALVANESE<\/strong><\/div><div>\u00a0<\/div><div class=\"center corB fontB txtPEQUENO\"><strong>Cen\u00f3grafa<\/strong><\/div><div>\u00a0<\/div><p>Isabel Galvanese \u00e9 paulistana, moradora de S\u00e3o Sebasti\u00e3o (Litoral Norte de S\u00e3o Paulo) desde 1992, Isabel \u00e9 artista pl\u00e1stica e ceramista. Em 2013 come\u00e7a a trabalhar com ilustra\u00e7\u00e3o de livros infantis. Neste mesmo ano, escreve e ilustra o livro \u201cO segredo de Druzilla \u2013 a encantadora de siris\u201d, publicado pela Editora Ateli\u00ea da Escrita e adotado em 2018 no PNLD do Governo Federal. Em 2014 \u00e9 lan\u00e7ado pela Plano B Editorial o livro &#8220;O artista que teimava em ser muitos&#8221;, com ilustra\u00e7\u00f5es suas. Atualmente tem publicados 13 livros com ilustra\u00e7\u00f5es de sua autoria. Em 2019 realiza a exposi\u00e7\u00e3o Entre Desenhos, o voo da palavra, no Instituto Mpumalanga, em S\u00e3o Sebasti\u00e3o-SP. Tamb\u00e9m em 2019\/2020 ilustra para anima\u00e7\u00e3o 3 contos cai\u00e7aras de Neide Palumbo dentro do projeto Treboada, Pr\u00eamio PROAC14\/2019. Neste projeto, participa como ilustradora.<\/p><p>A Cenografia surge em sua obra primeiro com a Ossobanda, uma banda de m\u00fasica para crian\u00e7as de Boi\u00e7ucanga, S\u00e3o Sebasti\u00e3o-SP, em 2019 e no ano de 2021, com a proposta de cria\u00e7\u00e3o da cenografia do espet\u00e1culo Boa Noite para o Circo Navegador. Isabel re\u00fane todo seu conhecimento e sensibilidade para a cria\u00e7\u00e3o e confec\u00e7\u00e3o de mais obras cenogr\u00e1ficas genu\u00ednas de entrega e encantamento.<\/p><p><a href=\"https:\/\/www.facebook.com\/isabel.galvanese\">Para saber mais.<\/a><\/p>                    <\/div>\n\t\t        \n                    <div id=\"leonardo-tab\" class=\"clearfix eael-tab-content-item inactive\" data-title-link=\"leonardo-tab\">\n\t\t\t\t        <p><strong>LEONARDO GARCIA<\/strong><\/p><p><strong>Diretor<\/strong><\/p><p>Co-fundador e diretor da Cia Caravan Maschera em 2010. Foi professor de Artes c\u00f4micas (Commedia dell&#8217;arte e princ\u00edpios do c\u00f4mico circense) na SP ESCOLA DE TEATRO entre 2013 e 2020. Foi artista orientador pelo projeto Ademar Guerra em 2012 e 2013. Forma\u00e7\u00e3o Acad\u00eamica 2008\/2010: \u2022 Mestre na Universidade de Paris &#8211; La Sorbonne. \u00abLa Commedia dell&#8217;arte et les danses br\u00e9siliennes: Divergences et convergences\u00bb. 2008 \u2022 Diploma de gradua\u00e7\u00e3o em estudos teatrais na Universidade de Paris &#8211; La Sorbonne. 2006\/2007 \u2022 Interc\u00e2mbio em artes do espet\u00e1culo na Universidade de Paris 8 &#8211; Saint Denis. 2003\/2006 \u2022 Gradua\u00e7\u00e3o em Artes C\u00eanicas na Universidade de Campinas (incompleta). Experi\u00eancia art\u00edstica: Ator na troupe de Masks on Stage, projeto financiado pela Ag\u00eancia Europeia para a Cultura, Arte e Educa\u00e7\u00e3o, dire\u00e7\u00e3o Cristiano Roccamo. 2009 \u2022 Ator\/pesquisador no n\u00facleo de pesquisas sobre o ator da \u00c9cole doctorale da universidade de Paris. Orientadores: Jean Pierre Rynagert e Mme. Authant-Mathieu 2009 \u2022 Interc\u00e2mbio entre a universidade de Paris e a universidade de Cambridge &#8211; minicurso de m\u00edmica de Etienne Decroux com Leela Denis 2008 \u2022 Trabalho de investiga\u00e7\u00e3o da expressividade das m\u00e1scaras balinesas &#8211; Cartoucherie de Paris Dire\u00e7\u00e3o: Sergio Alcantara (Th\u00e9\u00e2tre du Solei) 2008 \u2022 Trabalho de investiga\u00e7\u00e3o sobre as t\u00e9cnicas do ator no teatro de feira medieval com a cia Myst\u00e8re Bouffe &#8211; Paris Dire\u00e7\u00e3o de Carlo Bo<span class=\"corB fontB txtGRANDE\">so.<\/span><\/p><p>Livros publicados: &#8220;La Commedia dell&#8217;arte et les danses br\u00e9siliennes &#8211; Convergences et divergences dans les performances populaires&#8221;, Editions Universitaires Europeennes, Paris, 2012.<\/p><p><a href=\"https:\/\/www.instagram.com\/leozitcho.garcia\/\">Para saber mais.<\/a><\/p>                    <\/div>\n\t\t        \n                    <div id=\"luciano-tab\" class=\"clearfix eael-tab-content-item inactive\" data-title-link=\"luciano-tab\">\n\t\t\t\t        <p><strong>LUCIANO DRAETTA<\/strong><\/p><p><strong>Palha\u00e7o Surubim e Diretor Art\u00edstico<\/strong><\/p><p>Palha\u00e7o e Mestre da Cultura Popular, reconhecido pelo Minist\u00e9rio da Cultura, em 2017, na edi\u00e7\u00e3o Leandro Gomes de Barros do pr\u00eamio Culturas Populares. Graduado em letras pela FASS \u2013 Faculdades S\u00e3o Sebasti\u00e3o.<\/p><p>Atua profissionalmente como palha\u00e7o e ator desde 1992. Al\u00e9m de artista e ativista da cultura, tamb\u00e9m desempenha fun\u00e7\u00f5es de produtor, curador e diretor art\u00edstico.<\/p><p>Estudou no Circo Escola Picadeiro, Escola Paulista de Circo e Oficinas Culturais M\u00e1rio de Andrade e Mazzaroppi, com profissionais de alt\u00edssimo n\u00edvel. Concluiu a forma\u00e7\u00e3o acad\u00eamica no curso de letras em 2010, com a pesquisa \u201cA comunica\u00e7\u00e3o no espet\u00e1culo de circo\u201d que \u00e9 um estudo sobre as formas narrativas e dramat\u00fargicas dos espet\u00e1culos circenses, que resultou em diversos artigos publicados em sites e revistas especializadas.<\/p><p>Realizou turn\u00ea pela Am\u00e9rica do Sul: Mar Del Plata, C\u00f3rdoba, El Brete e Buenos Aires, na Argentina e Santiago, Valparaiso e San Pedro de Atacama, no Chile.<\/p><p>Atua sob dire\u00e7\u00e3o de artistas de renome como Roberto Rosa, M\u00e1rio Bolognesi, Andreia de Almeida, entre outros.<\/p><p>Foi reconhecido pelos principais pr\u00eamios da cultura: Programa de Fomento ao Teatro para a Cidade de S\u00e3o Paulo, Funarte, Proac, Iberescena e Petrobras.<\/p><p><a href=\"https:\/\/www.instagram.com\/lucianodraetta\/\">Para saber mais.<\/a><\/p>                    <\/div>\n\t\t                    <\/div>\n        <\/div>\n\t\t\t\t<\/div>\n\t\t\t\t<\/div>\n\t\t\t\t<div class=\"elementor-element elementor-element-2cd9d35 elementor-widget elementor-widget-eael-adv-tabs\" data-id=\"2cd9d35\" data-element_type=\"widget\" data-e-type=\"widget\" data-widget_type=\"eael-adv-tabs.default\">\n\t\t\t\t<div class=\"elementor-widget-container\">\n\t\t\t\t\t        <div data-scroll-on-click=\"no\" data-scroll-speed=\"300\" id=\"eael-advance-tabs-2cd9d35\" class=\"eael-advance-tabs eael-tabs-horizontal eael-tab-auto-active \" data-tabid=\"2cd9d35\">\n            <div class=\"eael-tabs-nav \">\n                <ul class=\"eael-tab-top-icon\" role=\"tablist\">\n                                            <li id=\"andr\" class=\"inactive eael-tab-item-trigger eael-tab-nav-item\" aria-selected=\"true\" data-tab=\"1\" role=\"tab\" tabindex=\"0\" aria-controls=\"andr-tab\" aria-expanded=\"false\">\n                            \n                                                                <img decoding=\"async\" data-src=\"https:\/\/circo.saberesartesanais.com.br\/wp-content\/uploads\/2023\/02\/andre_moraes.jpg\" alt=\"\" src=\"data:image\/svg+xml;base64,PHN2ZyB3aWR0aD0iMSIgaGVpZ2h0PSIxIiB4bWxucz0iaHR0cDovL3d3dy53My5vcmcvMjAwMC9zdmciPjwvc3ZnPg==\" class=\"lazyload\">\n                                                            \n                            \n                                                            <span class=\"eael-tab-title title-after-icon\" >ANDR\u00c9<\/span>                                                    <\/li>\n                                            <li id=\"carol\" class=\"inactive eael-tab-item-trigger eael-tab-nav-item\" aria-selected=\"false\" data-tab=\"2\" role=\"tab\" tabindex=\"-1\" aria-controls=\"carol-tab\" aria-expanded=\"false\">\n                            \n                                                                <img decoding=\"async\" data-src=\"https:\/\/circo.saberesartesanais.com.br\/wp-content\/uploads\/2023\/02\/IMG_20220206_170509-scaled-e1675382824776.jpg\" alt=\"\" src=\"data:image\/svg+xml;base64,PHN2ZyB3aWR0aD0iMSIgaGVpZ2h0PSIxIiB4bWxucz0iaHR0cDovL3d3dy53My5vcmcvMjAwMC9zdmciPjwvc3ZnPg==\" class=\"lazyload\">\n                                                            \n                            \n                                                            <span class=\"eael-tab-title title-after-icon\" >CAROL<\/span>                                                    <\/li>\n                                            <li id=\"erickson\" class=\"inactive eael-tab-item-trigger eael-tab-nav-item\" aria-selected=\"false\" data-tab=\"3\" role=\"tab\" tabindex=\"-1\" aria-controls=\"erickson-tab\" aria-expanded=\"false\">\n                            \n                                                                <img decoding=\"async\" data-src=\"https:\/\/circonavegador.com.br\/wp-content\/uploads\/2023\/02\/ERICKSON.jpeg\" alt=\"\" src=\"data:image\/svg+xml;base64,PHN2ZyB3aWR0aD0iMSIgaGVpZ2h0PSIxIiB4bWxucz0iaHR0cDovL3d3dy53My5vcmcvMjAwMC9zdmciPjwvc3ZnPg==\" class=\"lazyload\" style=\"--smush-placeholder-width: 717px; --smush-placeholder-aspect-ratio: 717\/714;\">\n                                                            \n                            \n                                                            <span class=\"eael-tab-title title-after-icon\" >ERICKSON<\/span>                                                    <\/li>\n                                            <li id=\"rodrigo\" class=\"inactive eael-tab-item-trigger eael-tab-nav-item\" aria-selected=\"false\" data-tab=\"4\" role=\"tab\" tabindex=\"-1\" aria-controls=\"rodrigo-tab\" aria-expanded=\"false\">\n                            \n                                                                <img decoding=\"async\" data-src=\"https:\/\/circo.saberesartesanais.com.br\/wp-content\/uploads\/2023\/01\/rodrigo_pereira_circo_navegador-rotated-e1674244577344.jpeg\" alt=\"\" src=\"data:image\/svg+xml;base64,PHN2ZyB3aWR0aD0iMSIgaGVpZ2h0PSIxIiB4bWxucz0iaHR0cDovL3d3dy53My5vcmcvMjAwMC9zdmciPjwvc3ZnPg==\" class=\"lazyload\">\n                                                            \n                            \n                                                            <span class=\"eael-tab-title title-after-icon\" >RODRIGO<\/span>                                                    <\/li>\n                                            <li id=\"thauany\" class=\"inactive eael-tab-item-trigger eael-tab-nav-item\" aria-selected=\"false\" data-tab=\"5\" role=\"tab\" tabindex=\"-1\" aria-controls=\"thauany-tab\" aria-expanded=\"false\">\n                            \n                                                                <img decoding=\"async\" data-src=\"https:\/\/circo.saberesartesanais.com.br\/wp-content\/uploads\/2023\/02\/thauany_mesquita-e1675382027711.jpg\" alt=\"\" src=\"data:image\/svg+xml;base64,PHN2ZyB3aWR0aD0iMSIgaGVpZ2h0PSIxIiB4bWxucz0iaHR0cDovL3d3dy53My5vcmcvMjAwMC9zdmciPjwvc3ZnPg==\" class=\"lazyload\">\n                                                            \n                            \n                                                            <span class=\"eael-tab-title title-after-icon\" >THAUANY<\/span>                                                    <\/li>\n                    \n                                  <\/ul>\n            <\/div>\n            \n            <div class=\"eael-tabs-content\">\n\t\t        \n                    <div id=\"andr-tab\" class=\"clearfix eael-tab-content-item inactive\" data-title-link=\"andr-tab\">\n\t\t\t\t        <p><strong>ANDRE MORAES<br \/><\/strong><\/p><p><strong>Assessor de Imprensa<br \/><\/strong><\/p><p>Ator, artista circense, jornalista e produtor cultural. Andr\u00e9 iniciou a sua carreira art\u00edstica realizando cursos livres de teatro na cidade de Sorocaba, participando de tr\u00eas apresenta\u00e7\u00f5es em teatros do munic\u00edpio. Em 2014 concluiu sua p\u00f3s-gradua\u00e7\u00e3o em Artes C\u00eanicas, na Faculdade Paulista de Artes (FPA), na cidade de S\u00e3o Paulo. \u00c9 artista circense e professor na Escola de Circo e Artes Culturais Usinarte e tamb\u00e9m ator no grupo teatral Barrac\u00e3o da V\u00f3. Participou de eventos culturais como a Virada Cultural de Sorocaba (2016) e Circad\u00e9lica (2017), atuando como palha\u00e7o. Tamb\u00e9m atuou e fez apresenta\u00e7\u00f5es circenses em tr\u00eas espet\u00e1culos contemplados pelo Programa de A\u00e7\u00e3o Cultural do Estado de S\u00e3o Paulo (ProAc) e Lei de Incentivo \u00e0 Cultura (Linc) entre os anos de 2016 e 2019. Formou-se como jornalista na Universidade de Sorocaba (Uniso) em 2010, atuando como rep\u00f3rter de jornal di\u00e1rio (Cruzeiro do Sul) entre 2010 e 2015, e posteriormente como assessor de imprensa nas empresas Maktub Comunica\u00e7\u00e3o, Seven PR, P\u00e1gina 1 Comunica\u00e7\u00e3o e FirstCom Comunica\u00e7\u00e3o, entre 2016 at\u00e9 os dias de hoje, atendendo clientes de diversas \u00e1reas, como cultura, bem-estar, lazer, tecnologia, agricultura, entre outros.<\/p>                    <\/div>\n\t\t        \n                    <div id=\"carol-tab\" class=\"clearfix eael-tab-content-item inactive\" data-title-link=\"carol-tab\">\n\t\t\t\t        <p><strong>CAROLINA LABARCA<\/strong><\/p><p><strong>Social Media e Webdesigner<br \/><\/strong><\/p><p>Designer gr\u00e1fica, artes\u00e3, artista visual, pesquisadora e produtora cultural.<br \/>Especialista em Pol\u00edticas Culturais de Base Comunit\u00e1ria, pelo Programa Internacional IberCultura Viva, e mestranda em \u201cCultura e Identidades Brasileiras\u201d, no IEB\/USP, onde pesquisa o Saber e Fazer Artesanal. Viajou por toda Am\u00e9rica Latina, onde divulgou, apresentou e aprendeu t\u00e9cnicas art\u00edsticas diversas, com \u00eanfase em Cultura Popular. Mora em Ubatuba, SP, h\u00e1 15 anos, atuando com Artes, Design e Produ\u00e7\u00e3o Cultural.<\/p>                    <\/div>\n\t\t        \n                    <div id=\"erickson-tab\" class=\"clearfix eael-tab-content-item inactive\" data-title-link=\"erickson-tab\">\n\t\t\t\t        <p>ERICKSON FREITAS<\/p><p>Natural de Lorena, SP, m\u00fasico com forma\u00e7\u00e3o em viol\u00e3o e guitarra popular, multi-instrumentista autodidata em diversos instrumentos, compositor, arranjador e aventureiro na \u00e1rea de produ\u00e7\u00e3o musical e de trilhas sonoras para shows e espet\u00e1culos.<br \/>Foi Guitarrista da OssoBanda de 2015 a 2021, onde junto da banda passou por diversos palcos e espa\u00e7os de cultura importantes como SESC, Livraria cultura, CCSP, MIS SP, festivais, r\u00e1dio, programas de TV, dentro e fora do estado de S\u00e3o Paulo, e tamb\u00e9m realizou a grava\u00e7\u00e3o de um \u00e1lbum com 11 faixas, contribuindo com algumas composi\u00e7\u00f5es, na forma\u00e7\u00e3o dos arranjos de todas as faixas, e com grava\u00e7\u00f5es de vozes, viol\u00e3o e guitarra. <br \/>Como professor ensina viol\u00e3o, guitarra, ukulele, teoria, cria\u00e7\u00e3o de arranjo, administra grupos de musicaliza\u00e7\u00e3o e de improvisa\u00e7\u00e3o, e oferece workshops de diversos temas no universo musical.<br \/>Trabalha para em 2023 lan\u00e7ar seu primeiro \u00e1lbum solo instrumental intitulado \u201cLugares e escolhas\u201d, com m\u00fasicas autorais e produ\u00e7\u00e3o independente. <br \/>Erickson traz em sua bagagem musical um repert\u00f3rio extenso que passa por diversos estilos como o Folk, Reggae, Rock, Blues, New Soul, Fusion, Bossa nova, Indie, Jazz&#8230; dentre outras sonoridades e inusitadas formas de express\u00e3o art\u00edstica vindas das misturas e experimentos ao utilizar diversos instrumentos e sonoridades simultaneamente.<br \/>\u201cQuem sou hoje e a forma que eu me expresso musicalmente, \u00e9 resultado de anos de pesquisa, e muita pr\u00e1tica, e uma somat\u00f3ria indescrit\u00edvel de trocas com tantas pessoas incr\u00edveis das quais j\u00e1 partilhei palcos, ensaios, estudos ou aprecia\u00e7\u00f5es. \u201c (Erickson Freitas)<\/p>                    <\/div>\n\t\t        \n                    <div id=\"rodrigo-tab\" class=\"clearfix eael-tab-content-item inactive\" data-title-link=\"rodrigo-tab\">\n\t\t\t\t        <p><strong>FABIO RODRIGO PEREIRA<\/strong><\/p><p><strong>Produtor Cultural<\/strong><\/p><p>Est\u00e1 cursando de Produ\u00e7\u00e3o Cultural e Gest\u00e3o de Projetos, trabalhou como produtor cultural nos CEUs \u2013 Centro de Educa\u00e7\u00e3o Unificado da Prefeitura de S\u00e3o Paulo, realizando diversas apresenta\u00e7\u00f5es culturais. No ano 2000 participou do curta metragem \u201cDois\u201d como diretor de fotografia e produtor. Em 2013 fez a produ\u00e7\u00e3o e codirigiu o curta metragem \u201cEu t\u00f4 Aqui\u201d filmado na comunidade de Heli\u00f3polis. Foi produtor do projeto \u201cA import\u00e2ncia do Audiovisual\u201d nas salas de aula, junto com o cr\u00edtico de cinema Christian Petermann 2015.<\/p><p>Atualmente reside em Caraguatatuba, onde trabalhou como produtor cultural do espa\u00e7o Barlavento desenvolvendo projetos culturais na \u00e1rea da literatura, m\u00fasica e outras linguagens.<br \/>Em 2019 e 2020 foi produtor do Festival Felino de Artes do Litoral Norte e atuou como produtor do espet\u00e1culo \u201cTentativas Contra o Vento\u201d. Participou da elabora\u00e7\u00e3o do Plano Municipal de Cultura de Caraguatatuba em 2019, \u00e9 membro do F\u00f3rum de Cultura do Litoral Norte e conselheiro de audiovisual e novas m\u00eddias do Conselho de Cultura de Caraguatatuba. Fundador do Cineclube Sambaqui situado na cidade de Caraguatatuba atualmente realiza exibi\u00e7\u00f5es gratuitas de filmes nacionais e curtas metragens, \u00e9 tamb\u00e9m curador do Cineclube Circo Navegador em S\u00e3o Sebasti\u00e3o.<br \/>Em 2020 realizou a produ\u00e7\u00e3o e dire\u00e7\u00e3o do document\u00e1rio Pedro e o Rio, e atualmente est\u00e1 produzindo o document\u00e1rio sobre o artista de Caraguatatuba: Dito.<\/p>                    <\/div>\n\t\t        \n                    <div id=\"thauany-tab\" class=\"clearfix eael-tab-content-item inactive\" data-title-link=\"thauany-tab\">\n\t\t\t\t        <div><strong>THAUANY MESQUITA<br \/><\/strong><\/div><div>\u00a0<\/div><div><strong>Produtora Cultural<\/strong><\/div><div>\u00a0<\/div><div><p>Thauany dos Santos Mesquita tem 24 anos, nasceu em S\u00e3o Paulo e h\u00e1 3 anos mora em S\u00e3o Sebasti\u00e3o, \u00e9 artista e produtora cultural. Atua nas artes c\u00eanicas desde 2007 e em sua trajet\u00f3ria, j\u00e1 trabalhou com produ\u00e7\u00e3o cultural para a Cia de Teatro Tal&amp;P\u00e1 do espet\u00e1culo: \u201cInsane\u201d (2015); na Rep\u00fablica Ativa de Teatro participou do projeto \u201cSonhos em Tempos de Guerra\u201d com os espet\u00e1culos \u201cA Sombra do Vale \u2013 A Hist\u00f3ria Que J\u00e1 Foi Contada Muitas Vezes\u201d (2019) e \u201cInvocadxs\u201d (2019) ambos realizados em 2019 e contemplados pela 32\u00ba Edi\u00e7\u00e3o da Lei de Fomento ao Teatro para a cidade de S\u00e3o Paulo; no Centro Estudantil de Letras (CEL) Nossa Sr. da Penha produziu \u201cLe Pettit Prince\u201d (2016) e \u201cJack e la mecanique du coeur\u201d (2017);<\/p><p>Durante a sua trajet\u00f3ria j\u00e1 participou dos cursos: \u201cProdu\u00e7\u00e3o e Gest\u00e3o Cultural\u201d (2021) pela Z\u00f3zima Trupe e da \u201cOficina de Capacita\u00e7\u00e3o para Elabora\u00e7\u00e3o de Atividades e Projetos\u201d pela FUNDASS (2022).<\/p><p>Em 2019 criou a Encaminharte, uma microempresa de encaderna\u00e7\u00e3o artesanal, onde foi respons\u00e1vel pela produ\u00e7\u00e3o art\u00edstica, comunica\u00e7\u00e3o e marketing at\u00e9 2022.<\/p><p>Na cidade de S\u00e3o Sebasti\u00e3o no ano de 2020 co-criou a Casa Alternativa &#8211; um espa\u00e7o cultural e de hospedagem -, onde foi respons\u00e1vel pela administra\u00e7\u00e3o, produ\u00e7\u00e3o e gest\u00e3o cultural, de pessoas e projetos. Nela, foi proponente dos projetos \u201cA Loba em N\u00f3s\u201d roda de leitura com dura\u00e7\u00e3o de 18 encontros e do \u201cM\u00e3os \u00e0 Terra\u201d viv\u00eancias permaculturais semanal.<\/p><p>Foi reconhecida pelo pr\u00eamio da Escola de Ativismo para a revitaliza\u00e7\u00e3o e moderniza\u00e7\u00e3o da Biblioteca dos Afetos na cidade de S\u00e3o Sebasti\u00e3o.<\/p><p>Atualmente \u00e9 respons\u00e1vel pela produ\u00e7\u00e3o executiva do grupo e do Espa\u00e7o Cultural Circo Navegador e do grupo Circo Navegador realizando a produ\u00e7\u00e3o do projeto &#8220;Boa Noite&#8221; aprovado no PROAC Edital 05\/2022 \u2013 P\u00fablico Infanto-Juvenil \/ Produ\u00e7\u00e3o de Espet\u00e1culo In\u00e9dito.<\/p><p><a href=\"https:\/\/www.instagram.com\/barrodefiltro\/\">Para saber mais.<\/a><\/p><\/div><div>\u00a0<\/div>                    <\/div>\n\t\t                    <\/div>\n        <\/div>\n\t\t\t\t<\/div>\n\t\t\t\t<\/div>\n\t\t\t\t<div class=\"elementor-element elementor-element-835eb73 elementor-widget elementor-widget-spacer\" data-id=\"835eb73\" data-element_type=\"widget\" data-e-type=\"widget\" data-widget_type=\"spacer.default\">\n\t\t\t\t<div class=\"elementor-widget-container\">\n\t\t\t\t\t\t\t<div class=\"elementor-spacer\">\n\t\t\t<div class=\"elementor-spacer-inner\"><\/div>\n\t\t<\/div>\n\t\t\t\t\t\t<\/div>\n\t\t\t\t<\/div>\n\t\t\t\t<div class=\"elementor-element elementor-element-7fe6ccf elementor-widget elementor-widget-heading\" data-id=\"7fe6ccf\" data-element_type=\"widget\" data-e-type=\"widget\" data-widget_type=\"heading.default\">\n\t\t\t\t<div class=\"elementor-widget-container\">\n\t\t\t\t\t<h2 class=\"elementor-heading-title elementor-size-default\">E agora, uma salva de palmas para os os colaboradores que participaram destes 25 anos de Circo Navegador:<\/h2>\t\t\t\t<\/div>\n\t\t\t\t<\/div>\n\t\t\t\t<div class=\"elementor-element elementor-element-42aeaba elementor-widget elementor-widget-spacer\" data-id=\"42aeaba\" data-element_type=\"widget\" data-e-type=\"widget\" data-widget_type=\"spacer.default\">\n\t\t\t\t<div class=\"elementor-widget-container\">\n\t\t\t\t\t\t\t<div class=\"elementor-spacer\">\n\t\t\t<div class=\"elementor-spacer-inner\"><\/div>\n\t\t<\/div>\n\t\t\t\t\t\t<\/div>\n\t\t\t\t<\/div>\n\t\t\t\t<div class=\"elementor-element elementor-element-436380f elementor-widget elementor-widget-eael-adv-tabs\" data-id=\"436380f\" data-element_type=\"widget\" data-e-type=\"widget\" data-widget_type=\"eael-adv-tabs.default\">\n\t\t\t\t<div class=\"elementor-widget-container\">\n\t\t\t\t\t        <div data-scroll-on-click=\"no\" data-scroll-speed=\"300\" id=\"eael-advance-tabs-436380f\" class=\"eael-advance-tabs eael-tabs-horizontal eael-tab-auto-active \" data-tabid=\"436380f\">\n            <div class=\"eael-tabs-nav \">\n                <ul class=\"eael-tab-top-icon\" role=\"tablist\">\n                                            <li id=\"bruna\" class=\"inactive eael-tab-item-trigger eael-tab-nav-item\" aria-selected=\"true\" data-tab=\"1\" role=\"tab\" tabindex=\"0\" aria-controls=\"bruna-tab\" aria-expanded=\"false\">\n                            \n                                                                <img decoding=\"async\" data-src=\"https:\/\/circo.saberesartesanais.com.br\/wp-content\/uploads\/2023\/02\/bruna_caldas.jpg\" alt=\"\" src=\"data:image\/svg+xml;base64,PHN2ZyB3aWR0aD0iMSIgaGVpZ2h0PSIxIiB4bWxucz0iaHR0cDovL3d3dy53My5vcmcvMjAwMC9zdmciPjwvc3ZnPg==\" class=\"lazyload\">\n                                                            \n                            \n                                                            <span class=\"eael-tab-title title-after-icon\" >BRUNA<\/span>                                                    <\/li>\n                                            <li id=\"gabriel\" class=\"inactive eael-tab-item-trigger eael-tab-nav-item\" aria-selected=\"false\" data-tab=\"2\" role=\"tab\" tabindex=\"-1\" aria-controls=\"gabriel-tab\" aria-expanded=\"false\">\n                            \n                                                                <img decoding=\"async\" data-src=\"https:\/\/circo.saberesartesanais.com.br\/wp-content\/uploads\/2023\/02\/gabriel_draetta.jpg\" alt=\"\" src=\"data:image\/svg+xml;base64,PHN2ZyB3aWR0aD0iMSIgaGVpZ2h0PSIxIiB4bWxucz0iaHR0cDovL3d3dy53My5vcmcvMjAwMC9zdmciPjwvc3ZnPg==\" class=\"lazyload\">\n                                                            \n                            \n                                                            <span class=\"eael-tab-title title-after-icon\" >GABRIEL<\/span>                                                    <\/li>\n                                            <li id=\"kau\" class=\"inactive eael-tab-item-trigger eael-tab-nav-item\" aria-selected=\"false\" data-tab=\"3\" role=\"tab\" tabindex=\"-1\" aria-controls=\"kau-tab\" aria-expanded=\"false\">\n                            \n                                                                <img decoding=\"async\" data-src=\"https:\/\/circo.saberesartesanais.com.br\/wp-content\/uploads\/2023\/02\/kaue_goncalves.jpg\" alt=\"\" src=\"data:image\/svg+xml;base64,PHN2ZyB3aWR0aD0iMSIgaGVpZ2h0PSIxIiB4bWxucz0iaHR0cDovL3d3dy53My5vcmcvMjAwMC9zdmciPjwvc3ZnPg==\" class=\"lazyload\">\n                                                            \n                            \n                                                            <span class=\"eael-tab-title title-after-icon\" >KAU\u00ca<\/span>                                                    <\/li>\n                                            <li id=\"valdinei\" class=\"inactive eael-tab-item-trigger eael-tab-nav-item\" aria-selected=\"false\" data-tab=\"4\" role=\"tab\" tabindex=\"-1\" aria-controls=\"valdinei-tab\" aria-expanded=\"false\">\n                            \n                                                                <img decoding=\"async\" data-src=\"https:\/\/circo.saberesartesanais.com.br\/wp-content\/uploads\/2023\/02\/valdinei_silva.jpg\" alt=\"\" src=\"data:image\/svg+xml;base64,PHN2ZyB3aWR0aD0iMSIgaGVpZ2h0PSIxIiB4bWxucz0iaHR0cDovL3d3dy53My5vcmcvMjAwMC9zdmciPjwvc3ZnPg==\" class=\"lazyload\">\n                                                            \n                            \n                                                            <span class=\"eael-tab-title title-after-icon\" >VALDINEI<\/span>                                                    <\/li>\n                                            <li id=\"vanessa\" class=\"inactive eael-tab-item-trigger eael-tab-nav-item\" aria-selected=\"false\" data-tab=\"5\" role=\"tab\" tabindex=\"-1\" aria-controls=\"vanessa-tab\" aria-expanded=\"false\">\n                            \n                                                                <img decoding=\"async\" data-src=\"https:\/\/circo.saberesartesanais.com.br\/wp-content\/uploads\/2023\/02\/vanessa_stropp.png\" alt=\"\" src=\"data:image\/svg+xml;base64,PHN2ZyB3aWR0aD0iMSIgaGVpZ2h0PSIxIiB4bWxucz0iaHR0cDovL3d3dy53My5vcmcvMjAwMC9zdmciPjwvc3ZnPg==\" class=\"lazyload\">\n                                                            \n                            \n                                                            <span class=\"eael-tab-title title-after-icon\" >VANESSA<\/span>                                                    <\/li>\n                    \n                                  <\/ul>\n            <\/div>\n            \n            <div class=\"eael-tabs-content\">\n\t\t        \n                    <div id=\"bruna-tab\" class=\"clearfix eael-tab-content-item inactive\" data-title-link=\"bruna-tab\">\n\t\t\t\t        <p><strong>BRUNA CALDAS<\/strong><\/p><p><strong>Assessora de Comunica\u00e7\u00e3o<br \/><\/strong><\/p><div class=\"row margin30\"><div class=\"col s12\"><p>Natural de Belo Horizonte, formada em Design Gr\u00e1fico pela Universidade Estadual de Minas Gerais &#8211; UEMG e p\u00f3s-graduada em Pol\u00edticas P\u00fablicas para a Juventude, tem em seu curr\u00edculo forma\u00e7\u00e3o e realiza\u00e7\u00f5es diversas nas \u00e1reas de difus\u00e3o e de incentivo cultural.\u00a0<\/p><p>Iniciou sua carreira profissional como assistente administrativa na Prefeitura Municipal de Belo Horizonte, participando da gest\u00e3o de projetos e programas governamentais.\u00a0<\/p><p>Na Associa\u00e7\u00e3o Paulista de Amigos da Arte, atuou como produtora cultural, interagindo na execu\u00e7\u00e3o de grandes programas da Secretaria de Cultura Economia Criativa do Estado de S\u00e3o Paulo, tais como Circuito Cultural Paulista, Virada Cultural Paulista e Festivais de Artes em geral, al\u00e9m da gest\u00e3o de equipamentos culturais, como o Teatro Estadual de Araras.\u00a0<\/p><p>Na Funda\u00e7\u00e3o Educacional e Cultural de Caraguatatuba, foi Coordenadora da \u00e1rea de projetos culturais, desenvolvendo Editais Culturais Municipais, atendendo \u00e0 classe art\u00edstica e acompanhando o Sistema Municipal de Informa\u00e7\u00f5es e Indicadores Culturais.\u00a0<\/p><p>Foi jurada e curadora de projetos como o Pr\u00eamio Nelson Seixas (S\u00e3o Jos\u00e9 do Rio Preto \u2013 Primeiras Obras), Circuito Cultural Paulista, Litoral EnCena \u2013 Mostra de Teatro, Teatro de Bonecos, Circo e Dan\u00e7a de Caraguatatuba, Credenciamento de Artistas Orientadores da Fundacc, Concurso Fotogr\u00e1fico \u201cManguezais Ber\u00e7o Amea\u00e7ado\u201d, entre outros.<\/p><\/div><\/div><p><a href=\"https:\/\/www.instagram.com\/brunaftcaldas\/\">Para saber mais.<\/a><\/p>                    <\/div>\n\t\t        \n                    <div id=\"gabriel-tab\" class=\"clearfix eael-tab-content-item inactive\" data-title-link=\"gabriel-tab\">\n\t\t\t\t        <p><strong>GABRIEL DRAETTA<br \/><\/strong><\/p><p>H\u00e1 mais de 10 anos trabalha como baterista, percussionista e artista-educador, tocando em shows, grava\u00e7\u00f5es, compondo trilhas sonoras e dando aulas de percuss\u00e3o e bateria. Fazem parte de sua forma\u00e7\u00e3o o Conservat\u00f3rio Vila Mariana, ULM e EMESP (sob orienta\u00e7\u00e3o de Nen\u00ea e Edu Ribeiro), aulas particulares com Douglas Las Casas, curso de percuss\u00e3o corporal BARBATUQUES com Maur\u00edcio Maas, Grupo de estudos de m\u00fasica corporal FRITOS, Grupo de estudos do BARBA (Fernando Barba) e mais de 10 anos trabalhando como m\u00fasico, palha\u00e7o, ator e t\u00e9cnico de som e luz no grupo Circo Navegador.<\/p><p>Atualmente toca com as bandas: Timbira\u00e7u, Resostenido, Guilherme Kaf\u00e9, Banda Caixa De M\u00fasica, Bloco de P\u00edfanos de SP e Bloco Folia de Bonequins.<\/p><p><a href=\"https:\/\/www.instagram.com\/gabrieldraetta\/\">Para saber mais.<\/a><\/p>                    <\/div>\n\t\t        \n                    <div id=\"kau-tab\" class=\"clearfix eael-tab-content-item inactive\" data-title-link=\"kau-tab\">\n\t\t\t\t        <div class=\"row margin30\"><div class=\"col s12\"><p><strong>KAU\u00ca SOUZA ALVES<\/strong><\/p><p><strong>Audiovisual<\/strong><\/p><p>AtuA desde 2017 no audiovisual, come\u00e7ando como fot\u00f3grafo da Oni Produ\u00e7\u00f5es e atualmente como cinegrafista e editor, tendo sua pr\u00f3pria produtora, a Kau\u00ea Gon\u00e7alves Produ\u00e7\u00f5es Audiovisual, fazendo a cobertura de grandes eventos como: Festival Felino e Festival de Ver\u00e3o de S\u00e3o Sebasti\u00e3o 2020.<\/p><p>No Espa\u00e7o Cultural Circo Navegador atua como Diretor Audiovisual. Tamb\u00e9m participa da gest\u00e3o e fa\u00e7o registro audiovisual e acompanhamento de m\u00eddias digitais da programa\u00e7\u00e3o regular do espa\u00e7o cultural e do grupo Circo Navegador nas seguintes \u00e1reas: podcast, web s\u00e9ries, espet\u00e1culos de artes c\u00eanicas, cine clube, exposi\u00e7\u00e3o de fotografia, reuni\u00f5es sociais e comunit\u00e1rias, oficinas de artes, entre outras atividades. Participou ativamente dos projetos contemplados pelos editais: PROAC 2018 a 2021, IBERESCENA 2019 E Ponto de Cultura 2020.<\/p><\/div><\/div><p>\u00a0<\/p><p><a href=\"https:\/\/www.instagram.com\/kauesgoncalves\/\">Para saber mais.<\/a><\/p>                    <\/div>\n\t\t        \n                    <div id=\"valdinei-tab\" class=\"clearfix eael-tab-content-item inactive\" data-title-link=\"valdinei-tab\">\n\t\t\t\t        <div><strong>VALDINEI SILVA<br \/><\/strong><\/div><div>\u00a0<\/div><div><strong>T\u00e9cnico de Luz e Som<\/strong><\/div><div>\u00a0<\/div><div class=\"row margin30\"><div class=\"col s12\"><p>Por meio do Pronatec realizou curso de Iluminador C\u00eanico em 2014, em 2015 realizou curso de forma\u00e7\u00e3o de usu\u00e1rio de GrandMA2 no MA Lighting University na cidade de S\u00e3o Paulo e em 2017 ingressou na SP Escola de Teatro no curso de Ilumina\u00e7\u00e3o C\u00eanica.\u00a0<\/p><p>De l\u00e1 pra c\u00e1 vem atuando em diversas cidades do estado de S\u00e3o Paulo e de outros estados. Trabalhou como t\u00e9cnico iluminador no 17\u00ba Dan\u00e7a e Movimento em Ilhabela-SP (2015); circulou com o espet\u00e1culo \u201cRetalhos Populares\u201d da Palha\u00e7a Carmela, como t\u00e9cnico no 12\u00ba FIL &#8211; Festival Internacional de Interc\u00e2mbio de Linguagens no Rio de janeiro em 2014; Ministrou Workshop de \u201cIntrodu\u00e7\u00e3o a Ilumina\u00e7\u00e3o C\u00eanica\u201d no Espa\u00e7o Cultural Circo Navegador em S\u00e3o Sebasti\u00e3o-SP, onde \u00e9 t\u00e9cnico respons\u00e1vel desde 2014.\u00a0<\/p><p>Na cidade de Caraguatatuba atuou em eventos como: Virada Cultural, Litoral Em Cena, Paix\u00e3o de Cristo e foi auxiliar t\u00e9cnico no Corpo de Baile de Caraguatatuba de 2014 a 2017, entre outros.\u00a0<\/p><p>Em 2019 foi o diretor t\u00e9cnico do Felino &#8211; Festival de Artes do Litoral Norte.<\/p><\/div><\/div>                    <\/div>\n\t\t        \n                    <div id=\"vanessa-tab\" class=\"clearfix eael-tab-content-item inactive\" data-title-link=\"vanessa-tab\">\n\t\t\t\t        <div><strong>VANESSA STROPP<br \/><\/strong><\/div><div>\u00a0<\/div><div><strong>Produ\u00e7\u00e3o<\/strong><\/div><div>\u00a0<\/div><div class=\"row margin30\"><div class=\"col s12\"><p>Nascida em S\u00e3o Sebasti\u00e3o, trabalha com terceiro setor e organiza\u00e7\u00f5es culturais desde 2007, quando integrou, como coordenadora de projetos, o Instituto Circuito Universit\u00e1rio de Cultura e Arte da Uni\u00e3o Nacional dos Estudantes, o CUCA da UNE. Em 2009 comp\u00f4s a coordena\u00e7\u00e3o da 6\u00aa Bienal de Cultura e Arte da UNE, festival que reuniu, na cidade de Salvador, cerca de 5 mil estudantes oriundos de todas as regi\u00f5es do Brasil, al\u00e9m de 10 mil moradores.\u00a0<\/p><p>Nesse per\u00edodo, participou da Comiss\u00e3o Nacional dos Pontos de Cultura e teve seu trabalho reconhecido pelo MinC com o Pr\u00eamio Tux\u00e1ua. Posteriormente, em 2010, como produtora executiva do espet\u00e1culo UNE canta Brasil: 50 anos esta noite, recebeu o pr\u00eamio de Intera\u00e7\u00f5es Est\u00e9ticas, da Funarte. Assina pesquisa e produ\u00e7\u00e3o executiva do document\u00e1rio Repare Bem, dirigido por Maria de Medeiros e premiado com o Kikito de melhor document\u00e1rio no 41\u00ba Festival de Cinema de Gramado.<\/p><p>Desde 2011, como fundadora e presidente do Instituto Brasil Vivo, \u00e9 respons\u00e1vel pela elabora\u00e7\u00e3o de projetos organizados pela entidade. Entre 2013 e 2016 atuou como gestora do Centro Cultural Corti\u00e7o, um espa\u00e7o de encontro e conviv\u00eancia da juventude de S\u00e3o Paulo, com objetivo central de celebrar a cultura brasileira e o saber popular, estabelecendo di\u00e1logos com universidades e o pensamento acad\u00eamico.\u00a0<\/p><p>Nos \u00faltimos anos, em S\u00e3o Sebasti\u00e3o, a partir das linhas de a\u00e7\u00f5es do Ponto de Cultura Brasil Vivo, participou da funda\u00e7\u00e3o do F\u00f3rum de Cultura do Litoral Norte em 2017, bem como a realiza\u00e7\u00e3o de encontros sequentes. Tamb\u00e9m produziu a s\u00e9rie Tem Sim Senhor, em 2018. Em 2019, realizou com o Coletivo Cai\u00e7ara de S\u00e3o Sebasti\u00e3o e com uma equipe formada integralmente por cai\u00e7aras, o Circuito de Canoa Cai\u00e7ara, projeto que passa a ter uma abrang\u00eancia regional, em todo Litoral Norte, em 2021.<\/p><\/div><\/div><p>\u00a0<\/p>                    <\/div>\n\t\t                    <\/div>\n        <\/div>\n\t\t\t\t<\/div>\n\t\t\t\t<\/div>\n\t\t\t\t<div class=\"elementor-element elementor-element-6b29954 elementor-widget elementor-widget-eael-adv-tabs\" data-id=\"6b29954\" data-element_type=\"widget\" data-e-type=\"widget\" data-widget_type=\"eael-adv-tabs.default\">\n\t\t\t\t<div class=\"elementor-widget-container\">\n\t\t\t\t\t        <div data-scroll-on-click=\"no\" data-scroll-speed=\"300\" id=\"eael-advance-tabs-6b29954\" class=\"eael-advance-tabs eael-tabs-horizontal eael-tab-auto-active \" data-tabid=\"6b29954\">\n            <div class=\"eael-tabs-nav \">\n                <ul class=\"eael-tab-top-icon\" role=\"tablist\">\n                                            <li id=\"anderson\" class=\"inactive eael-tab-item-trigger eael-tab-nav-item\" aria-selected=\"true\" data-tab=\"1\" role=\"tab\" tabindex=\"0\" aria-controls=\"anderson-tab\" aria-expanded=\"false\">\n                            \n                                                                <img decoding=\"async\" data-src=\"https:\/\/circo.saberesartesanais.com.br\/wp-content\/uploads\/2023\/02\/anderson_guiam.jpg\" alt=\"\" src=\"data:image\/svg+xml;base64,PHN2ZyB3aWR0aD0iMSIgaGVpZ2h0PSIxIiB4bWxucz0iaHR0cDovL3d3dy53My5vcmcvMjAwMC9zdmciPjwvc3ZnPg==\" class=\"lazyload\">\n                                                            \n                            \n                                                            <span class=\"eael-tab-title title-after-icon\" >ANDERSON<\/span>                                                    <\/li>\n                                            <li id=\"kau\" class=\"inactive eael-tab-item-trigger eael-tab-nav-item\" aria-selected=\"false\" data-tab=\"2\" role=\"tab\" tabindex=\"-1\" aria-controls=\"kau-tab\" aria-expanded=\"false\">\n                            \n                                                                <img decoding=\"async\" data-src=\"https:\/\/circo.saberesartesanais.com.br\/wp-content\/uploads\/2023\/02\/kaue_goncalves.jpg\" alt=\"\" src=\"data:image\/svg+xml;base64,PHN2ZyB3aWR0aD0iMSIgaGVpZ2h0PSIxIiB4bWxucz0iaHR0cDovL3d3dy53My5vcmcvMjAwMC9zdmciPjwvc3ZnPg==\" class=\"lazyload\">\n                                                            \n                            \n                                                            <span class=\"eael-tab-title title-after-icon\" >KAU\u00ca<\/span>                                                    <\/li>\n                                            <li id=\"priscila\" class=\"inactive eael-tab-item-trigger eael-tab-nav-item\" aria-selected=\"false\" data-tab=\"3\" role=\"tab\" tabindex=\"-1\" aria-controls=\"priscila-tab\" aria-expanded=\"false\">\n                            \n                                                                <img decoding=\"async\" data-src=\"https:\/\/circo.saberesartesanais.com.br\/wp-content\/uploads\/2023\/02\/priscila_oliveira.jpg\" alt=\"\" src=\"data:image\/svg+xml;base64,PHN2ZyB3aWR0aD0iMSIgaGVpZ2h0PSIxIiB4bWxucz0iaHR0cDovL3d3dy53My5vcmcvMjAwMC9zdmciPjwvc3ZnPg==\" class=\"lazyload\">\n                                                            \n                            \n                                                            <span class=\"eael-tab-title title-after-icon\" >PRISCILA<\/span>                                                    <\/li>\n                                            <li id=\"vencio\" class=\"inactive eael-tab-item-trigger eael-tab-nav-item\" aria-selected=\"false\" data-tab=\"4\" role=\"tab\" tabindex=\"-1\" aria-controls=\"vencio-tab\" aria-expanded=\"false\">\n                            \n                                                                <img decoding=\"async\" data-src=\"https:\/\/circo.saberesartesanais.com.br\/wp-content\/uploads\/2023\/02\/venicio_toledo.jpg\" alt=\"\" src=\"data:image\/svg+xml;base64,PHN2ZyB3aWR0aD0iMSIgaGVpZ2h0PSIxIiB4bWxucz0iaHR0cDovL3d3dy53My5vcmcvMjAwMC9zdmciPjwvc3ZnPg==\" class=\"lazyload\">\n                                                            \n                            \n                                                            <span class=\"eael-tab-title title-after-icon\" >VEN\u00cdCIO<\/span>                                                    <\/li>\n                    \n                                  <\/ul>\n            <\/div>\n            \n            <div class=\"eael-tabs-content\">\n\t\t        \n                    <div id=\"anderson-tab\" class=\"clearfix eael-tab-content-item inactive\" data-title-link=\"anderson-tab\">\n\t\t\t\t        <p><strong>ANDERSON GUIAM<br \/><\/strong><\/p><p><strong>Palha\u00e7o<\/strong><\/p><p><span class=\"corB fontB txtGRANDE\">Anderson Guiam, o Palha\u00e7o Z\u00e9 Gambiarra, \u00e9 graduado de Artes Visuais pela UNIMES \u2013 UNIVERSIDADE METROPOLITANA DE SANTOS, DRT 1848\/AL. Palha\u00e7o, ator, bonequeiro e artista pl\u00e1stico, h\u00e1 mais de 20 anos, vem pesquisando teatro e circo, jogos c\u00eanicos, arte da palha\u00e7aria, constru\u00e7\u00e3o e manipula\u00e7\u00e3o de malabares, perna de pau, marionetes. Fundador e diretor da Cia Ful\u00f4 circo teatro, com participa\u00e7\u00e3o em diversos festivais de circo e teatro pelo Brasil.<\/span><\/p><p>\u00a0<\/p><p><a href=\"https:\/\/www.instagram.com\/anderson_guiam\/\">Para saber mais.<\/a><\/p>                    <\/div>\n\t\t        \n                    <div id=\"kau-tab\" class=\"clearfix eael-tab-content-item inactive\" data-title-link=\"kau-tab\">\n\t\t\t\t        <div class=\"row margin30\"><div class=\"col s12\"><p><strong>IRIS FIORELLI<br \/><\/strong><\/p><p><strong>Palha\u00e7a<\/strong><\/p><div class=\"row margin30\"><div class=\"col s12\"><p><strong>Entusiasta, dedica-se \u00e0 dan\u00e7a e \u00e0 palha\u00e7aria.<\/strong><\/p><p>Formada em Hatha Yoga em Barcelona (2002) e em Dan\u00e7a Inclusiva para crian\u00e7as em Buenos Aires (2009). Dedica-se desde 1997 \u00e0 palha\u00e7aria e \u00e0 dan\u00e7a, especialmente ao Contato Improvisa\u00e7\u00e3o. Desde 2005 se foca na pr\u00e1tica, difus\u00e3o e na cria\u00e7\u00e3o de trabalhos que unem essas linguagens, na busca de um corpo dan\u00e7ante c\u00f4mico. Vive na natureza, investe em pr\u00e1ticas som\u00e1ticas e dan\u00e7a na \u00e1gua. Ensina, organiza e atua em projetos pr\u00f3prios e de outros realizadores. Itinerante, circula com os seus espet\u00e1culos solos como a Palha\u00e7a Carmela: Magavilha e Retalhos Populares, uni\u00e3o de dan\u00e7a e palha\u00e7aria, premiados pela Funarte, Petrobras Cultural e Pr\u00eamio de Circula\u00e7\u00e3o Edir Macedo em Aracaju.<\/p><p>Desde 2012 tem sua base na Ilhabela, onde em 2020 funda a Cia. Las Titis, com Mi Chan Tchung, cujo lema \u00e9 Arte, Sa\u00fade, Amor e Humor. A Cia. j\u00e1 foi premiada pelo ProAC, Secretaria de Cultura do Estado de S\u00e3o Paulo para a cria\u00e7\u00e3o do espet\u00e1culo \u201cPequenas Grandes\u201d; Lei Aldir Blanc de Ilhabela com o projeto \u201cTalento para ser Lento\u201d, uma s\u00e9rie de visitas art\u00edsticas a centros de conviv\u00eancia de idosos, com a apresenta\u00e7\u00e3o final de um Shows de Talentos estrelado pela terceira idade; e Centro de Refer\u00eancia da Dan\u00e7a da Cidade de S\u00e3o Paulo com a sele\u00e7\u00e3o do projeto \u201c#tranquilititis\u201d, 10 a\u00e7\u00f5es online de pr\u00e1ticas de arte e sa\u00fade.<\/p><\/div><\/div><\/div><\/div><p><a href=\"https:\/\/www.instagram.com\/palhacacarmela\/\">Para saber mais.<\/a><\/p>                    <\/div>\n\t\t        \n                    <div id=\"priscila-tab\" class=\"clearfix eael-tab-content-item inactive\" data-title-link=\"priscila-tab\">\n\t\t\t\t        <p><strong><span class=\"corB fontB txtGRANDE\">PRISCILA ENRIQUE DE OLIVEIRA<\/span><\/strong><\/p><p><strong>Produ\u00e7\u00e3o<\/strong><\/p><p><span class=\"corB fontB txtGRANDE\">Graduada em Hist\u00f3ria pela Universidade Estadual de Londrina (1996) e Mestra em Hist\u00f3ria pela Universidade Estadual Paulista J\u00falio de Mesquita Filho (2002) e Doutora pela UNICAMP em antropologia, como foco na sa\u00fade ind\u00edgena no Brasil. Foi produtora do FILO \u2013 Festival Internacional de Londrina entre 1994 e 2002. Dedica-se a produ\u00e7\u00e3o cultural e gest\u00e3o de projetos h\u00e1 mais de 20 anos. Produziu diversos projetos do Circo Navegador entre 2003 e 2022. Desde 2014 administra o Espa\u00e7o Cultural Circo Navegador e coordenou a programa\u00e7\u00e3o com apoio PROAC nos anos de 2018, 2019, 2020, 2021 e 2022. Atua no ensino superior desde 2003, em institui\u00e7\u00f5es como: UEL \u2013 Universidade de Londrina, IFSP \u2013 Instituto Federal de Caraguatatuba, UNIFESP &#8211; Osasco, Centro Universit\u00e1rio M\u00f3dulo &#8211; Caraguatatuba, Faculdade S\u00e3o Sebasti\u00e3o, Universidade Cruzeiro do Sul e Universidade de Guarulhos (gradua\u00e7\u00e3o e p\u00f3s-gradua\u00e7\u00e3o). Membro do grupo Patrim\u00f4nio e Rela\u00e7\u00f5es Internacionais, vinculado ao CNPQ. Realiza trabalhos e projetos nas \u00e1reas de arte educa\u00e7\u00e3o, patrim\u00f4nio imaterial, grupos ind\u00edgenas, multiculturalismo e educa\u00e7\u00e3o. \u00c9 formada e atua como professora de yoga desde 2010.<\/span><\/p><p><a href=\"https:\/\/www.instagram.com\/priscilaeoliveira74\/\">Para saber mais.<\/a><\/p>                    <\/div>\n\t\t        \n                    <div id=\"vencio-tab\" class=\"clearfix eael-tab-content-item inactive\" data-title-link=\"vencio-tab\">\n\t\t\t\t        <p><strong>VEN\u00cdCIO TOLEDO<br \/><\/strong><\/p><p><strong>Palha\u00e7o<br \/><\/strong><\/p><div class=\"row margin30\"><div class=\"col s12\"><span class=\"corB fontB txtGRANDE\">Venicio Toledo \u00e9 pai de Yuna e Iroko, ator, palha\u00e7o e educador popular. Formado pela Escola Livre de Teatro (ELT), tem experi\u00eancia com produ\u00e7\u00e3o cultural e j\u00e1 realizou diversas pe\u00e7as teatrais, como Terra \u00e1 Vista com Hangar de Elefantes, Barrafonda com a Cia S\u00e3o Jorge e Mar\u00e9s com a Cia do Mar. Atualmente reside em Ubatuba, local em que \u00a0ministrou oficinas de teatro e conta\u00e7\u00e3o de hist\u00f3rias, al\u00e9m ter realizado v\u00e1rias performances com o Palha\u00e7o Pil\u00e9quinho e tamb\u00e9m como ator junto a grupos de teatro locais.<\/span><\/div><div>\u00a0<\/div><\/div><p><a href=\"https:\/\/www.instagram.com\/venicio_toledo\/\">Para saber mais.<\/a><\/p>                    <\/div>\n\t\t                    <\/div>\n        <\/div>\n\t\t\t\t<\/div>\n\t\t\t\t<\/div>\n\t\t\t\t\t<\/div>\n\t\t<\/div>\n\t\t\t\t<div class=\"elementor-column elementor-col-33 elementor-top-column elementor-element elementor-element-e3290dc\" data-id=\"e3290dc\" data-element_type=\"column\" data-e-type=\"column\">\n\t\t\t<div class=\"elementor-widget-wrap\">\n\t\t\t\t\t\t\t<\/div>\n\t\t<\/div>\n\t\t\t\t\t<\/div>\n\t\t<\/section>\n\t\t\t\t<section class=\"elementor-section elementor-top-section elementor-element elementor-element-2a0a2b9 elementor-section-boxed elementor-section-height-default elementor-section-height-default wpr-particle-no wpr-jarallax-no wpr-parallax-no wpr-sticky-section-no\" data-id=\"2a0a2b9\" data-element_type=\"section\" data-e-type=\"section\">\n\t\t\t\t\t\t<div class=\"elementor-container elementor-column-gap-default\">\n\t\t\t\t\t<div class=\"elementor-column elementor-col-33 elementor-top-column elementor-element elementor-element-093b3c8\" data-id=\"093b3c8\" data-element_type=\"column\" data-e-type=\"column\">\n\t\t\t<div class=\"elementor-widget-wrap\">\n\t\t\t\t\t\t\t<\/div>\n\t\t<\/div>\n\t\t\t\t<div class=\"elementor-column elementor-col-33 elementor-top-column elementor-element elementor-element-15788c7\" data-id=\"15788c7\" data-element_type=\"column\" data-e-type=\"column\">\n\t\t\t<div class=\"elementor-widget-wrap\">\n\t\t\t\t\t\t\t<\/div>\n\t\t<\/div>\n\t\t\t\t<div class=\"elementor-column elementor-col-33 elementor-top-column elementor-element elementor-element-e20fb14\" data-id=\"e20fb14\" data-element_type=\"column\" data-e-type=\"column\">\n\t\t\t<div class=\"elementor-widget-wrap\">\n\t\t\t\t\t\t\t<\/div>\n\t\t<\/div>\n\t\t\t\t\t<\/div>\n\t\t<\/section>\n\t\t\t\t<\/div>\n\t\t","protected":false},"excerpt":{"rendered":"<p>EQUIPE Conhe\u00e7a os integrantes que comp\u00f5em a equipe do Circo Navegador Uma salva de palmas para nossa equipe atual: ALE ALEJO ANDREIA ISABEL LEONARDO LUCIANO ALE GONCA Roteirista e Editor de V\u00eddeo Roteirista e criador de hist\u00f3rias. Integrou por 10 anos um coletivo de Artes da periferia da cidade de S\u00e3o Paulo, onde foi co-criador de 7 pe\u00e7as de teatro e festivais de arte. Neste mesmo per\u00edodo foi militante de um movimento social e fot\u00f3grafo. Trabalhou como produtor e animador stop-motion em curtas e s\u00e9rie em anima\u00e7\u00e3o. Atualmente \u00e9 criador e roteirista de uma s\u00e9rie infantil, em desenvolvimento com t\u00e9cnica stop-motion e 2D. Neste caminho percorrido at\u00e9 aqui, teve a oportunidade, e, ao mesmo tempo, necessidade, de trabalhar em diversas \u00e1reas, desde trabalhos f\u00edsicos, na agricultura e constru\u00e7\u00e3o civil, \u00e0 educa\u00e7\u00e3o, cultura e arte, passando pela milit\u00e2ncia social. Todas estas \u00e1reas fazem parte da sua forma\u00e7\u00e3o. \u00c9 a partir deste caminho que pensa e constr\u00f3i hist\u00f3rias, narrativas e trabalho coletivo. Para saber mais. ALEJO LINARES\u00a0Assistente de produ\u00e7\u00e3o\u00a0\u00c9 um artista argentino radicado no Brasil desde 1992 e desenvolveu sua atividade formativa em Buenos Aires \u2013 Argentina, entre 1976 e 1978 na Escuela de Teatro do Diretor Francisco Javier e na Escuela Argentina de Mimo entre 1978 e 1981. De 1981 a 1983 estudou na ETI &#8211; Est\u00fadio de Teatro Integral, formando-se como professor, ator e diretor.\u00a0\u00a0Em 2004 aperfei\u00e7oou-se em m\u00e1scaras na UFMG Belo Horizonte e teatro de rua e clown em Caraguatatuba. Em 2009 cursou o Conservat\u00f3rio Superior de M\u00fasica \u201cLuis Gianneo\u201d em Cruz de Eje \u2013 C\u00f3rdoba \u2013 Argentina.\u00a0\u00a0Atuou como ator em espet\u00e1culos no Teatro de La Piedad e no Teatro Del Centro em Buenos Aires, entre 1979 e 1983, em paralelo atuou como m\u00edmico do elenco est\u00e1vel da Companhia Argentina de Mimo entre 1980 e 1983.\u00a0\u00a0No Brasil desenvolveu trabalho e oficinas de m\u00edmica, nas cidades de Belo Horizonte-MG e Lages-SC entre 1984 e 1986.\u00a0\u00a0Participou da cria\u00e7\u00e3o Escuela de Teatro Comunit\u00e1rio em Villa Huidobro na prov\u00edncia de C\u00f3rdoba \u2013 Argentina entre os anos de 1986 e 1990. Desde 2007 integra o Circo Navegador como palha\u00e7o, professor de m\u00edmica, preparador de elenco, assistente de dire\u00e7\u00e3o, cenot\u00e9cnico e produtor.\u00a0\u00a0Atua nos espet\u00e1culos \u201cCirquim do Serafim\u201d, \u201cBancicleta e os Palha\u00e7os Quase M\u00fasicos\u201d e \u201cOm Co T\u00f4? Quem Co S\u00f4? Prom Co V\u00f4?\u201d.\u00a0Para saber mais. ANDREIA DE ALMEIDA Atriz Atriz, Pedagoga, Produtora Cultural e Diretora teatral. Atua nas \u00e1reas de circo, dan\u00e7a e dramaturgia. Aprofundou seus estudos e investiga\u00e7\u00f5es junto a escolas e grupos europeus ligados \u00e0 Antropologia Teatral como Odin Teatro e Compagnia per la Ricerca Teatrale di Pontedera na It\u00e1lia. Formada em Artes C\u00eanicas na Funda\u00e7\u00e3o das Artes de S\u00e3o Caetano do Sul e Escola Livre de Teatro de Santo Andr\u00e9, concluiu os cursos em 1992. Foi aluna do Circo Escola Picadeiro. Especializou\u2013se em Teatro de Rua e Antropologia Teatral na It\u00e1lia, no Teatro Tascabile di Bergamo sendo tamb\u00e9m convidada a atuar em seus espet\u00e1culos. Seu trabalho tem forte influ\u00eancia dos mestres Maria Thais Lima Santos, Tiche Vianna, Cac\u00e1 Carvalho, Lu\u00eds Alberto de Abreu, Renzo Vescovo (diretor italiano de Teatro de Rua) e Jerzy Grotowski, dos quais recebeu ensinamentos diretamente. Foi integrante do ETRA\u00a0&#8211; Equipe de Treinamento do Ator, grupo dirigido por Jean Pierre Kaletrianos e orientado por Luiz Oct\u00e1vio Burnier. Trabalhou no Gran Circo Norte Americano. Colaborou na idealiza\u00e7\u00e3o, implanta\u00e7\u00e3o e manuten\u00e7\u00e3o de dezenas de projetos culturais e s\u00f3cio culturais como: Escola Livre de Dan\u00e7a de Santo Andr\u00e9 (2002 a 2004); Projeto de descentraliza\u00e7\u00e3o da dan\u00e7a da Prefeitura Municipal de Santo Andr\u00e9 (2001 a 2004); &#8220;Andrezinho Cidad\u00e3o&#8221; (visava o retorno de meninos de rua \u00e0s suas fam\u00edlias), do departamento de Assist\u00eancia Social da Prefeitura de Santo Andr\u00e9; Projeto Meninos e Meninas de Rua de S\u00e3o Bernardo do Campo; &#8220;Crian\u00e7a Cidad\u00e3 do Futuro&#8221; no Tiro de Guerra de Santo Andr\u00e9 ; &#8220;Centro Cultural Brasil Vivo&#8221; em Guarulhos (1996 a 1998). Coordenou os grupos de teatro do extinto departamento &#8220;Cidade Futuro&#8221; da Prefeitura de Santo Andr\u00e9. Produziu o CD livro Reencantando a Cidade (2004) \u2013 que registra 10 anos de trabalhos com o Teatro de Origem na regi\u00e3o do Grande ABC. Ministra desde 1992 oficinas de Teatro, Dan\u00e7a, Dan\u00e7a Teatro, Circo, Composi\u00e7\u00e3o C\u00eanica, Treinamento do Ator para o Teatro de Rua em Oficinas Culturais e Casas de Cultura do Estado de S\u00e3o Paulo, Oficinas Culturais de S\u00e3o Bernardo do Campo, projetos educacionais de diversas prefeituras, SESC\u2019s e festivais nacionais e internacionais de teatro, circo e de dan\u00e7a. Montagens que participou \u00a0como atriz: \u201cAlbatri\u201d e \u201cAlla Luna\u201d (dire\u00e7\u00e3o Renzo Vescovi do Teatro Tascabile di Bergamo); \u201cA Hist\u00f3ria de Layla e Majnum\u201d (dire\u00e7\u00e3o Jean Pierre Kaletrianos); \u201cA Tempestade\u201d (dire\u00e7\u00e3o Cida Almeida); &#8220;Tem Caf\u00e9 no Bule&#8221; e &#8220;Ac\u00e1cias&#8221; (dire\u00e7\u00e3o Jairo Matos); &#8220;Movido a Feij\u00e3o&#8221;, &#8220;O \u00d3 da Viagem&#8221; e &#8220;Antigo 1850&#8221; (dire\u00e7\u00e3o de Pedro Pires da Cia do Feij\u00e3o); &#8220;Quixotes&#8221;, no grupo Circo Navegador, dire\u00e7\u00e3o de Mario Bolognesi, \u201cAriano Suassuna o Cavaleiro Sertanejo\u201d e \u201cDom Quixote do Cavaleiro das Mil P\u00e1ginas\u201d ambos dire\u00e7\u00e3o Ribamar Ribeiro no Projeto EmCena Brasil em 2019 e 2020; entre outros. Espet\u00e1culos que dirigiu: N\u00e3o Recomendado (2018), A lenda dos Ibejis (2012), \u201cRaps\u00f3dias de Escolas Hoje ou Oblomovismo\u201d (2013) e Muribeca (2014) com a Trupe Quixotesca; Reminisc\u00eancias (2010) Cia Teatro de Origem; SAF! De Quem \u00e9 a Culpa? (2009) Rede Cultural Beija Flor e CARF Brasil; De Romeu e Julieta Todo Mundo tem um Pouco (2008); Rel\u00edquias de Hist\u00f3rias (2005); O Pr\u00edncipe (1998) mon\u00f3logo com Carlos Lotto; \u00a0Anjos na Pra\u00e7a (1998 \u2013 aclamado como exemplo de teatro de rua pela cr\u00edtica argentina). Foi integrante do Bloco de Percuss\u00e3o Il\u00fa Ob\u00e1 de Mim; do Manjarra, Grupo de Dan\u00e7as do Brasil, especializado no Cavalo Marinho (dan\u00e7arina e brincante como as figuras c\u00f4micas Catirina e Mateo); foi aluna de dan\u00e7a de Helena Bastos na EMIA Santo Andr\u00e9 de T\u00e9cnica Klaus Vianna; integrante do grupo de estudo sobre Dramaturgia do Corpo orientado por Lu\u00eds Alberto de Abreu e Lu\u00eds Ferron na Escola Livre de Dan\u00e7a, onde tamb\u00e9m frequentou o curso de Labam conduzido por Juliana Moraes. Praticante de Dan\u00e7a Cl\u00e1ssica Indiana, estilo Odissi, tendo como professora<\/p>\n","protected":false},"author":2,"featured_media":0,"parent":0,"menu_order":0,"comment_status":"closed","ping_status":"closed","template":"","meta":{"_eb_attr":"","_EventAllDay":false,"_EventTimezone":"","_EventStartDate":"","_EventEndDate":"","_EventStartDateUTC":"","_EventEndDateUTC":"","_EventShowMap":false,"_EventShowMapLink":false,"_EventURL":"","_EventCost":"","_EventCostDescription":"","_EventCurrencySymbol":"","_EventCurrencyCode":"","_EventCurrencyPosition":"","_EventDateTimeSeparator":"","_EventTimeRangeSeparator":"","_EventOrganizerID":[],"_EventVenueID":[],"_OrganizerEmail":"","_OrganizerPhone":"","_OrganizerWebsite":"","_VenueAddress":"","_VenueCity":"","_VenueCountry":"","_VenueProvince":"","_VenueState":"","_VenueZip":"","_VenuePhone":"","_VenueURL":"","_VenueStateProvince":"","_VenueLat":"","_VenueLng":"","_VenueShowMap":false,"_VenueShowMapLink":false,"ocean_post_layout":"","ocean_both_sidebars_style":"","ocean_both_sidebars_content_width":0,"ocean_both_sidebars_sidebars_width":0,"ocean_sidebar":"0","ocean_second_sidebar":"0","ocean_disable_margins":"enable","ocean_add_body_class":"","ocean_shortcode_before_top_bar":"","ocean_shortcode_after_top_bar":"","ocean_shortcode_before_header":"","ocean_shortcode_after_header":"","ocean_has_shortcode":"","ocean_shortcode_after_title":"","ocean_shortcode_before_footer_widgets":"","ocean_shortcode_after_footer_widgets":"","ocean_shortcode_before_footer_bottom":"","ocean_shortcode_after_footer_bottom":"","ocean_display_top_bar":"default","ocean_display_header":"default","ocean_header_style":"","ocean_center_header_left_menu":"0","ocean_custom_header_template":"0","ocean_custom_logo":0,"ocean_custom_retina_logo":0,"ocean_custom_logo_max_width":0,"ocean_custom_logo_tablet_max_width":0,"ocean_custom_logo_mobile_max_width":0,"ocean_custom_logo_max_height":0,"ocean_custom_logo_tablet_max_height":0,"ocean_custom_logo_mobile_max_height":0,"ocean_header_custom_menu":"0","ocean_menu_typo_font_family":"0","ocean_menu_typo_font_subset":"","ocean_menu_typo_font_size":0,"ocean_menu_typo_font_size_tablet":0,"ocean_menu_typo_font_size_mobile":0,"ocean_menu_typo_font_size_unit":"px","ocean_menu_typo_font_weight":"","ocean_menu_typo_font_weight_tablet":"","ocean_menu_typo_font_weight_mobile":"","ocean_menu_typo_transform":"","ocean_menu_typo_transform_tablet":"","ocean_menu_typo_transform_mobile":"","ocean_menu_typo_line_height":0,"ocean_menu_typo_line_height_tablet":0,"ocean_menu_typo_line_height_mobile":0,"ocean_menu_typo_line_height_unit":"","ocean_menu_typo_spacing":0,"ocean_menu_typo_spacing_tablet":0,"ocean_menu_typo_spacing_mobile":0,"ocean_menu_typo_spacing_unit":"","ocean_menu_link_color":"","ocean_menu_link_color_hover":"","ocean_menu_link_color_active":"","ocean_menu_link_background":"","ocean_menu_link_hover_background":"","ocean_menu_link_active_background":"","ocean_menu_social_links_bg":"","ocean_menu_social_hover_links_bg":"","ocean_menu_social_links_color":"","ocean_menu_social_hover_links_color":"","ocean_disable_title":"default","ocean_disable_heading":"default","ocean_post_title":"","ocean_post_subheading":"","ocean_post_title_style":"","ocean_post_title_background_color":"","ocean_post_title_background":0,"ocean_post_title_bg_image_position":"","ocean_post_title_bg_image_attachment":"","ocean_post_title_bg_image_repeat":"","ocean_post_title_bg_image_size":"","ocean_post_title_height":0,"ocean_post_title_bg_overlay":0.5,"ocean_post_title_bg_overlay_color":"","ocean_disable_breadcrumbs":"default","ocean_breadcrumbs_color":"","ocean_breadcrumbs_separator_color":"","ocean_breadcrumbs_links_color":"","ocean_breadcrumbs_links_hover_color":"","ocean_display_footer_widgets":"default","ocean_display_footer_bottom":"default","ocean_custom_footer_template":"0","footnotes":""},"class_list":["post-839","page","type-page","status-publish","hentry","entry"],"aioseo_notices":[],"_links":{"self":[{"href":"https:\/\/circonavegador.com.br\/index.php?rest_route=\/wp\/v2\/pages\/839","targetHints":{"allow":["GET"]}}],"collection":[{"href":"https:\/\/circonavegador.com.br\/index.php?rest_route=\/wp\/v2\/pages"}],"about":[{"href":"https:\/\/circonavegador.com.br\/index.php?rest_route=\/wp\/v2\/types\/page"}],"author":[{"embeddable":true,"href":"https:\/\/circonavegador.com.br\/index.php?rest_route=\/wp\/v2\/users\/2"}],"replies":[{"embeddable":true,"href":"https:\/\/circonavegador.com.br\/index.php?rest_route=%2Fwp%2Fv2%2Fcomments&post=839"}],"version-history":[{"count":0,"href":"https:\/\/circonavegador.com.br\/index.php?rest_route=\/wp\/v2\/pages\/839\/revisions"}],"wp:attachment":[{"href":"https:\/\/circonavegador.com.br\/index.php?rest_route=%2Fwp%2Fv2%2Fmedia&parent=839"}],"curies":[{"name":"wp","href":"https:\/\/api.w.org\/{rel}","templated":true}]}}